{"id":7634,"date":"2022-11-04T13:47:05","date_gmt":"2022-11-04T13:47:05","guid":{"rendered":"https:\/\/www.hotelpraktikessens.com\/?page_id=7634"},"modified":"2024-01-31T08:45:28","modified_gmt":"2024-01-31T08:45:28","slug":"chambres-hotel-barcelone","status":"publish","type":"page","link":"https:\/\/www.hotelpraktikessens.com\/fr\/hotel-a-barcelone\/chambres-hotel-barcelone\/","title":{"rendered":"Nos chambres"},"content":{"rendered":"<h1 style=\"text-align: center\">Nos chambres<\/h1>\n<p style=\"text-align: center\"><span data-sheets-userformat=\"{&quot;2&quot;:7041,&quot;3&quot;:{&quot;1&quot;:0},&quot;10&quot;:2,&quot;11&quot;:0,&quot;12&quot;:0,&quot;14&quot;:{&quot;1&quot;:2,&quot;2&quot;:0},&quot;15&quot;:&quot;Arial&quot;}\" data-sheets-value=\"{&quot;1&quot;:2,&quot;2&quot;:&quot;Des chambres accueillantes avec tout le n\u00e9cessaire&quot;}\">Les chambres du Praktik \u00c8ssens sont enti\u00e8rement neuves et ext\u00e9rieures.<\/span><\/p>\n<div class='white' style='background:rgb(255, 255, 255); border:solid 0px rgb(255, 255, 255); border-radius:0px; padding:8px 8px 8px 8px;'>\n<div id='nuestrashabitaciones_slider' class='owl-carousel sa_owl_theme owl-pagination-true autohide-arrows' data-slider-id='nuestrashabitaciones_slider' style='visibility:hidden;'>\n<div id='nuestrashabitaciones_slider_slide01' class='sa_hover_container' style='padding:5% 0%; margin:0px 1%; background-color:rgb(255, 255, 255); '><div>\r\n<p><img decoding=\"async\" class=\"alignnone size-full wp-image-11806\" src=\"https:\/\/www.hotelpraktikessens.com\/wp-content\/uploads\/sites\/22\/HOTEL-PRAKTIK-ESSENS-BARCELONA-HABITACION-DOBLE.jpg\" alt=\"HOTEL-PRAKTIK-ESSENS-BARCELONA-HABITACION-DOBLE\" width=\"2126\" height=\"1417\" srcset=\"https:\/\/www.hotelpraktikessens.com\/wp-content\/uploads\/sites\/22\/\/HOTEL-PRAKTIK-ESSENS-BARCELONA-HABITACION-DOBLE.jpg 2126w, https:\/\/www.hotelpraktikessens.com\/wp-content\/uploads\/sites\/22\/\/HOTEL-PRAKTIK-ESSENS-BARCELONA-HABITACION-DOBLE-768x512.jpg 768w, https:\/\/www.hotelpraktikessens.com\/wp-content\/uploads\/sites\/22\/\/HOTEL-PRAKTIK-ESSENS-BARCELONA-HABITACION-DOBLE-1536x1024.jpg 1536w, https:\/\/www.hotelpraktikessens.com\/wp-content\/uploads\/sites\/22\/\/HOTEL-PRAKTIK-ESSENS-BARCELONA-HABITACION-DOBLE-2048x1365.jpg 2048w\" sizes=\"(max-width: 2126px) 100vw, 2126px\" \/><\/p>\r\n<\/div>\r\n<h4>Chambre Standard<\/h4>\r\n<p>Chambres ext\u00e9rieures avec vue sur rue pi\u00e9tonne.<\/p>\r\n<div><a class=\"sa_btn tve_evt_manager_listen tve_et_click\" href=\"https:\/\/www.hotelpraktikessens.com\/es\/?tcb_lightbox=fr-lightbox-habitacion-individual\" target=\"_blank\" rel=\"nofollow noopener\" data-tcb-events=\"__TCB_EVENT_[{&quot;a&quot;:&quot;thrive_lightbox&quot;,&quot;config&quot;:{&quot;l_id&quot;:7518,&quot;id&quot;:7518},&quot;t&quot;:&quot;click&quot;}]_TNEVE_BCT__\">VOIR CHAMBRE<\/a><\/div><\/div>\n<div id='nuestrashabitaciones_slider_slide02' class='sa_hover_container' style='padding:5% 0%; margin:0px 1%; background-color:rgb(255, 255, 255); '><div>\r\n<p><img decoding=\"async\" class=\"alignnone size-full wp-image-11818\" src=\"https:\/\/www.hotelpraktikessens.com\/wp-content\/uploads\/sites\/22\/HOTEL-PRAKTIK-ESSENS-BARCELONA-HABITACION-SUPERIOR-10.jpg\" alt=\"HOTEL-PRAKTIK-ESSENS-BARCELONA-HABITACION-SUPERIOR\" width=\"2126\" height=\"1418\" srcset=\"https:\/\/www.hotelpraktikessens.com\/wp-content\/uploads\/sites\/22\/\/HOTEL-PRAKTIK-ESSENS-BARCELONA-HABITACION-SUPERIOR-10.jpg 2126w, https:\/\/www.hotelpraktikessens.com\/wp-content\/uploads\/sites\/22\/\/HOTEL-PRAKTIK-ESSENS-BARCELONA-HABITACION-SUPERIOR-10-768x512.jpg 768w, https:\/\/www.hotelpraktikessens.com\/wp-content\/uploads\/sites\/22\/\/HOTEL-PRAKTIK-ESSENS-BARCELONA-HABITACION-SUPERIOR-10-1536x1024.jpg 1536w, https:\/\/www.hotelpraktikessens.com\/wp-content\/uploads\/sites\/22\/\/HOTEL-PRAKTIK-ESSENS-BARCELONA-HABITACION-SUPERIOR-10-2048x1366.jpg 2048w\" sizes=\"(max-width: 2126px) 100vw, 2126px\" \/><\/p>\r\n<\/div>\r\n<h4>Chambre Sup\u00e9rieure<\/h4>\r\n<p>Chambres ext\u00e9rieures avec de grandes baies vitr\u00e9es.<\/p>\r\n<div><a class=\"sa_btn tve_evt_manager_listen tve_et_click\" href=\"https:\/\/www.hotelpraktikessens.com\/es\/?tcb_lightbox=fr-lightbox-habitacion-doble-deluxe\" target=\"_blank\" rel=\"nofollow noopener\" data-tcb-events=\"__TCB_EVENT_[{&quot;a&quot;:&quot;thrive_lightbox&quot;,&quot;config&quot;:{&quot;l_id&quot;:7520,&quot;id&quot;:7520},&quot;t&quot;:&quot;click&quot;}]_TNEVE_BCT__\">VOIRE CHAMBRE<\/a><\/div><\/div>\n<div id='nuestrashabitaciones_slider_slide03' class='sa_hover_container' style='padding:5% 0%; margin:0px 1%; background-color:rgb(255, 255, 255); '><div>\r\n<p><img decoding=\"async\" class=\"alignnone size-full wp-image-11812\" src=\"https:\/\/www.hotelpraktikessens.com\/wp-content\/uploads\/sites\/22\/HOTEL-PRAKTIK-ESSENS-HABITACION-PASEO-GRACIA.jpg\" alt=\"HOTEL-PRAKTIK-ESSENS-HABITACION-PASEO-GRACIA\" width=\"2126\" height=\"1417\" srcset=\"https:\/\/www.hotelpraktikessens.com\/wp-content\/uploads\/sites\/22\/\/HOTEL-PRAKTIK-ESSENS-HABITACION-PASEO-GRACIA.jpg 2126w, https:\/\/www.hotelpraktikessens.com\/wp-content\/uploads\/sites\/22\/\/HOTEL-PRAKTIK-ESSENS-HABITACION-PASEO-GRACIA-768x512.jpg 768w, https:\/\/www.hotelpraktikessens.com\/wp-content\/uploads\/sites\/22\/\/HOTEL-PRAKTIK-ESSENS-HABITACION-PASEO-GRACIA-1536x1024.jpg 1536w, https:\/\/www.hotelpraktikessens.com\/wp-content\/uploads\/sites\/22\/\/HOTEL-PRAKTIK-ESSENS-HABITACION-PASEO-GRACIA-2048x1365.jpg 2048w\" sizes=\"(max-width: 2126px) 100vw, 2126px\" \/><\/p>\r\n<\/div>\r\n<h4>Chambre Sup\u00e9rieure Paseo de Gracia<\/h4>\r\n<p>Chambres ext\u00e9rieures avec vue sur le Paseo de Gracia.<\/p>\r\n<div><a class=\"sa_btn tve_evt_manager_listen tve_et_click\" href=\"https:\/\/www.hotelpraktikessens.com\/es\/?tcb_lightbox=fr-lightbox-habitacion-doble\" target=\"_blank\" rel=\"nofollow noopener\" data-tcb-events=\"__TCB_EVENT_[{&quot;a&quot;:&quot;thrive_lightbox&quot;,&quot;config&quot;:{&quot;l_id&quot;:7519,&quot;id&quot;:7519},&quot;t&quot;:&quot;click&quot;}]_TNEVE_BCT__\">VOIR CHAMBRE<\/a><\/div><\/div>\n<div id='nuestrashabitaciones_slider_slide04' class='sa_hover_container' style='padding:5% 0%; margin:0px 1%; '><div>\r\n<p><img decoding=\"async\" class=\"alignnone size-full wp-image-11824\" src=\"https:\/\/www.hotelpraktikessens.com\/wp-content\/uploads\/sites\/22\/HOTEL-PRAKTIK-ESSENS-BARCELONA-HABITACION-PREMIUM-TERRAZA-1.jpg\" alt=\"HOTEL-PRAKTIK-ESSENS-BARCELONA-HABITACION-PREMIUM-TERRAZA\" width=\"2126\" height=\"1417\" srcset=\"https:\/\/www.hotelpraktikessens.com\/wp-content\/uploads\/sites\/22\/\/HOTEL-PRAKTIK-ESSENS-BARCELONA-HABITACION-PREMIUM-TERRAZA-1.jpg 2126w, https:\/\/www.hotelpraktikessens.com\/wp-content\/uploads\/sites\/22\/\/HOTEL-PRAKTIK-ESSENS-BARCELONA-HABITACION-PREMIUM-TERRAZA-1-768x512.jpg 768w, https:\/\/www.hotelpraktikessens.com\/wp-content\/uploads\/sites\/22\/\/HOTEL-PRAKTIK-ESSENS-BARCELONA-HABITACION-PREMIUM-TERRAZA-1-1536x1024.jpg 1536w, https:\/\/www.hotelpraktikessens.com\/wp-content\/uploads\/sites\/22\/\/HOTEL-PRAKTIK-ESSENS-BARCELONA-HABITACION-PREMIUM-TERRAZA-1-2048x1365.jpg 2048w\" sizes=\"(max-width: 2126px) 100vw, 2126px\" \/><\/p>\r\n<\/div>\r\n<h4>Chambre Premium avec Terrasse<\/h4>\r\n<p>Un h\u00e9bergement chic au c\u0153ur de Barcelone.<\/p>\r\n<div><a class=\"sa_btn tve_evt_manager_listen tve_et_click\" href=\"https:\/\/www.hotelpraktikessens.com\/es\/?tcb_lightbox=fr-lightbox-habitacion-twin-deluxe\" target=\"_blank\" rel=\"nofollow noopener\" data-tcb-events=\"__TCB_EVENT_[{&quot;a&quot;:&quot;thrive_lightbox&quot;,&quot;config&quot;:{&quot;l_id&quot;:7521,&quot;id&quot;:7521},&quot;t&quot;:&quot;click&quot;}]_TNEVE_BCT__\">VOIRE CHAMBRE<\/a><\/div><\/div>\n<\/div>\n<\/div>\n<script type='text\/javascript'>\n\tjQuery(document).ready(function() {\n\t\tjQuery('#nuestrashabitaciones_slider').owlCarousel({\n\t\t\tresponsive:{\n\t\t\t\t0:{ items:1 },\n\t\t\t\t480:{ items:2 },\n\t\t\t\t768:{ items:2 },\n\t\t\t\t980:{ items:2 },\n\t\t\t\t1200:{ items:2 },\n\t\t\t\t1500:{ items:2 }\n\t\t\t},\n\t\t\tautoplay : true,\n\t\t\tautoplayTimeout : 6000,\n\t\t\tautoplayHoverPause : true,\n\t\t\tsmartSpeed : 1000,\n\t\t\tfluidSpeed : 1000,\n\t\t\tautoplaySpeed : 1000,\n\t\t\tnavSpeed : 1000,\n\t\t\tdotsSpeed : 1000,\n\t\t\tdotsEach : 1,\n\t\t\tloop : true,\n\t\t\tnav : false,\n\t\t\tnavText : ['Previous','Next'],\n\t\t\tdots : true,\n\t\t\tresponsiveRefreshRate : 200,\n\t\t\tslideBy : 1,\n\t\t\tmergeFit : true,\n\t\t\tautoHeight : false,\n\t\t\tmouseDrag : true,\n\t\t\ttouchDrag : true\n\t\t});\n\t\tjQuery('#nuestrashabitaciones_slider').css('visibility', 'visible');\n\t\tsa_resize_nuestrashabitaciones_slider();\n\t\twindow.addEventListener('resize', sa_resize_nuestrashabitaciones_slider);\n\t\tfunction sa_resize_nuestrashabitaciones_slider() {\n\t\t\tvar min_height = '50';\n\t\t\tvar win_width = jQuery(window).width();\n\t\t\tvar slider_width = jQuery('#nuestrashabitaciones_slider').width();\n\t\t\tif (win_width < 480) {\n\t\t\t\tvar slide_width = slider_width \/ 1;\n\t\t\t} else if (win_width < 768) {\n\t\t\t\tvar slide_width = slider_width \/ 2;\n\t\t\t} else if (win_width < 980) {\n\t\t\t\tvar slide_width = slider_width \/ 2;\n\t\t\t} else if (win_width < 1200) {\n\t\t\t\tvar slide_width = slider_width \/ 2;\n\t\t\t} else if (win_width < 1500) {\n\t\t\t\tvar slide_width = slider_width \/ 2;\n\t\t\t} else {\n\t\t\t\tvar slide_width = slider_width \/ 2;\n\t\t\t}\n\t\t\tslide_width = Math.round(slide_width);\n\t\t\tvar slide_height = '0';\n\t\t\tif (min_height == 'aspect43') {\n\t\t\t\tslide_height = (slide_width \/ 4) * 3;\t\t\t\tslide_height = Math.round(slide_height);\n\t\t\t} else if (min_height == 'aspect169') {\n\t\t\t\tslide_height = (slide_width \/ 16) * 9;\t\t\t\tslide_height = Math.round(slide_height);\n\t\t\t} else {\n\t\t\t\tslide_height = (slide_width \/ 100) * min_height;\t\t\t\tslide_height = Math.round(slide_height);\n\t\t\t}\n\t\t\tjQuery('#nuestrashabitaciones_slider .owl-item .sa_hover_container').css('min-height', slide_height+'px');\n\t\t}\n\t\tvar owl_goto = jQuery('#nuestrashabitaciones_slider');\n\t\tjQuery('.nuestrashabitaciones_slider_goto1').click(function(event){\n\t\t\towl_goto.trigger('to.owl.carousel', 0);\n\t\t});\n\t\tjQuery('.nuestrashabitaciones_slider_goto2').click(function(event){\n\t\t\towl_goto.trigger('to.owl.carousel', 1);\n\t\t});\n\t\tjQuery('.nuestrashabitaciones_slider_goto3').click(function(event){\n\t\t\towl_goto.trigger('to.owl.carousel', 2);\n\t\t});\n\t\tjQuery('.nuestrashabitaciones_slider_goto4').click(function(event){\n\t\t\towl_goto.trigger('to.owl.carousel', 3);\n\t\t});\n\t\tvar resize_7543 = jQuery('.owl-carousel');\n\t\tresize_7543.on('initialized.owl.carousel', function(e) {\n\t\t\tif (typeof(Event) === 'function') {\n\t\t\t\twindow.dispatchEvent(new Event('resize'));\n\t\t\t} else {\n\t\t\t\tvar evt = window.document.createEvent('UIEvents');\n\t\t\t\tevt.initUIEvent('resize', true, false, window, 0);\n\t\t\t\twindow.dispatchEvent(evt);\n\t\t\t}\n\t\t});\n\t});\n<\/script>\n\n<p><img decoding=\"async\" title=\"HOTEL-PRAKTIK-ESSENS-BARCELONA-HABITACION-DOBLE\" src=\"https:\/\/www.hotelpraktikessens.com\/wp-content\/uploads\/sites\/22\/HOTEL-PRAKTIK-ESSENS-BARCELONA-HABITACION-DOBLE.jpg\" alt=\"HOTEL-PRAKTIK-ESSENS-BARCELONA-HABITACION-DOBLE\" width=\"335\" height=\"1417\" data-id=\"11809\" data-init-width=\"2126\" data-init-height=\"1417\" data-width=\"335\" \/><\/p>\n<h4><span data-sheets-userformat=\"{&quot;2&quot;:23425,&quot;3&quot;:{&quot;1&quot;:0},&quot;10&quot;:2,&quot;11&quot;:0,&quot;12&quot;:0,&quot;14&quot;:{&quot;1&quot;:2,&quot;2&quot;:0},&quot;15&quot;:&quot;Arial, sans-serif&quot;,&quot;17&quot;:1}\" data-sheets-value=\"{&quot;1&quot;:2,&quot;2&quot;:&quot;Chambre Standard&quot;}\">Chambre Standard<\/span><\/h4>\n<p><span data-sheets-userformat=\"{&quot;2&quot;:7041,&quot;3&quot;:{&quot;1&quot;:0},&quot;10&quot;:2,&quot;11&quot;:0,&quot;12&quot;:0,&quot;14&quot;:{&quot;1&quot;:2,&quot;2&quot;:0},&quot;15&quot;:&quot;Arial, sans-serif&quot;}\" data-sheets-value=\"{&quot;1&quot;:2,&quot;2&quot;:&quot;Chambres ext\u00e9rieures avec vue sur rue pi\u00e9tonne.&quot;}\">Chambres ext\u00e9rieures avec vue sur rue pi\u00e9tonne.<\/span><\/p>\n<p><img decoding=\"async\" title=\"HOTEL-PRAKTIK-ESSENS-BARCELONA-HABITACION-SUPERIOR-10\" src=\"https:\/\/www.hotelpraktikessens.com\/wp-content\/uploads\/sites\/22\/HOTEL-PRAKTIK-ESSENS-BARCELONA-HABITACION-SUPERIOR-10.jpg\" alt=\"HOTEL-PRAKTIK-ESSENS-BARCELONA-HABITACION-SUPERIOR\" width=\"335\" height=\"1418\" data-id=\"11821\" data-init-width=\"2126\" data-init-height=\"1418\" data-width=\"335\" \/><\/p>\n<h4><span data-sheets-userformat=\"{&quot;2&quot;:23425,&quot;3&quot;:{&quot;1&quot;:0},&quot;10&quot;:2,&quot;11&quot;:0,&quot;12&quot;:0,&quot;14&quot;:{&quot;1&quot;:2,&quot;2&quot;:0},&quot;15&quot;:&quot;Arial, sans-serif&quot;,&quot;17&quot;:1}\" data-sheets-value=\"{&quot;1&quot;:2,&quot;2&quot;:&quot;Chambre Sup\u00e9rieure&quot;}\">Chambre Sup\u00e9rieure<\/span><\/h4>\n<p><span data-sheets-userformat=\"{&quot;2&quot;:7041,&quot;3&quot;:{&quot;1&quot;:0},&quot;10&quot;:2,&quot;11&quot;:0,&quot;12&quot;:0,&quot;14&quot;:{&quot;1&quot;:2,&quot;2&quot;:0},&quot;15&quot;:&quot;Arial, sans-serif&quot;}\" data-sheets-value=\"{&quot;1&quot;:2,&quot;2&quot;:&quot;Chambres ext\u00e9rieures avec de grandes baies vitr\u00e9es&quot;}\">Chambres ext\u00e9rieures avec de grandes baies vitr\u00e9es.<\/span><\/p>\n<p><img decoding=\"async\" title=\"HOTEL-PRAKTIK-ESSENS-HABITACION-PASEO-GRACIA\" src=\"https:\/\/www.hotelpraktikessens.com\/wp-content\/uploads\/sites\/22\/HOTEL-PRAKTIK-ESSENS-HABITACION-PASEO-GRACIA.jpg\" alt=\"HOTEL-PRAKTIK-ESSENS-HABITACION-PASEO-GRACIA\" width=\"335\" height=\"1417\" data-id=\"11815\" data-init-width=\"2126\" data-init-height=\"1417\" data-width=\"335\" \/><\/p>\n<h4><span data-sheets-userformat=\"{&quot;2&quot;:23425,&quot;3&quot;:{&quot;1&quot;:0},&quot;10&quot;:2,&quot;11&quot;:0,&quot;12&quot;:0,&quot;14&quot;:{&quot;1&quot;:2,&quot;2&quot;:0},&quot;15&quot;:&quot;Arial, sans-serif&quot;,&quot;17&quot;:1}\" data-sheets-value=\"{&quot;1&quot;:2,&quot;2&quot;:&quot;Chambre Sup\u00e9rieure Paseo de Gracia&quot;}\">Chambre Sup\u00e9rieure Paseo de Gracia<\/span><\/h4>\n<p><span data-sheets-userformat=\"{&quot;2&quot;:7041,&quot;3&quot;:{&quot;1&quot;:0},&quot;10&quot;:2,&quot;11&quot;:0,&quot;12&quot;:0,&quot;14&quot;:{&quot;1&quot;:2,&quot;2&quot;:0},&quot;15&quot;:&quot;Arial, sans-serif&quot;}\" data-sheets-value=\"{&quot;1&quot;:2,&quot;2&quot;:&quot;Chambres ext\u00e9rieures avec vue sur le Paseo de Gracia&quot;}\">Chambres ext\u00e9rieures avec vue sur le Paseo de Gracia.<\/span><\/p>\n<p><img decoding=\"async\" title=\"HOTEL-PRAKTIK-ESSENS-BARCELONA-HABITACION-PREMIUM-TERRAZA\" src=\"https:\/\/www.hotelpraktikessens.com\/wp-content\/uploads\/sites\/22\/HOTEL-PRAKTIK-ESSENS-BARCELONA-HABITACION-PREMIUM-TERRAZA-1.jpg\" alt=\"HOTEL-PRAKTIK-ESSENS-BARCELONA-HABITACION-PREMIUM-TERRAZA\" width=\"335\" height=\"1417\" data-id=\"11827\" data-init-width=\"2126\" data-init-height=\"1417\" data-width=\"335\" \/><\/p>\n<h4><span data-sheets-userformat=\"{&quot;2&quot;:23425,&quot;3&quot;:{&quot;1&quot;:0},&quot;10&quot;:2,&quot;11&quot;:0,&quot;12&quot;:0,&quot;14&quot;:{&quot;1&quot;:2,&quot;2&quot;:0},&quot;15&quot;:&quot;Arial, sans-serif&quot;,&quot;17&quot;:1}\" data-sheets-value=\"{&quot;1&quot;:2,&quot;2&quot;:&quot;Chambre Premium avec Terrasse&quot;}\">Chambre Premium avec Terrasse<\/span><\/h4>\n<p><span data-sheets-userformat=\"{&quot;2&quot;:7041,&quot;3&quot;:{&quot;1&quot;:0},&quot;10&quot;:2,&quot;11&quot;:0,&quot;12&quot;:0,&quot;14&quot;:{&quot;1&quot;:2,&quot;2&quot;:0},&quot;15&quot;:&quot;Arial, sans-serif&quot;}\" data-sheets-value=\"{&quot;1&quot;:2,&quot;2&quot;:&quot;Un h\u00e9bergement chic au c\u0153ur de Barcelone&quot;}\">Un h\u00e9bergement chic au c\u0153ur de Barcelone.<\/span><\/p>\n<p>__CONFIG_colors_palette__{\u00ab\u00a0active_palette\u00a0\u00bb:0,\u00a0\u00bbconfig\u00a0\u00bb:{\u00ab\u00a0colors\u00a0\u00bb:{\u00ab\u00a062516\u00a0\u00bb:{\u00ab\u00a0name\u00a0\u00bb:\u00a0\u00bbMain Accent\u00a0\u00bb,\u00a0\u00bbparent\u00a0\u00bb:-1}},\u00a0\u00bbgradients\u00a0\u00bb:[]},\u00a0\u00bbpalettes\u00a0\u00bb:[{\u00ab\u00a0name\u00a0\u00bb:\u00a0\u00bbDefault Palette\u00a0\u00bb,\u00a0\u00bbvalue\u00a0\u00bb:{\u00ab\u00a0colors\u00a0\u00bb:{\u00ab\u00a062516\u00a0\u00bb:{\u00ab\u00a0val\u00a0\u00bb:\u00a0\u00bbvar(&#8211;tcb-skin-color-0)\u00a0\u00bb}},\u00a0\u00bbgradients\u00a0\u00bb:[]}}]}__CONFIG_colors_palette__ <a href=\"tel:+34 933436690\"> APPELLER <\/a> __CONFIG_colors_palette__{\u00ab\u00a0active_palette\u00a0\u00bb:0,\u00a0\u00bbconfig\u00a0\u00bb:{\u00ab\u00a0colors\u00a0\u00bb:{\u00ab\u00a062516\u00a0\u00bb:{\u00ab\u00a0name\u00a0\u00bb:\u00a0\u00bbMain Accent\u00a0\u00bb,\u00a0\u00bbparent\u00a0\u00bb:-1}},\u00a0\u00bbgradients\u00a0\u00bb:[]},\u00a0\u00bbpalettes\u00a0\u00bb:[{\u00ab\u00a0name\u00a0\u00bb:\u00a0\u00bbDefault Palette\u00a0\u00bb,\u00a0\u00bbvalue\u00a0\u00bb:{\u00ab\u00a0colors\u00a0\u00bb:{\u00ab\u00a062516\u00a0\u00bb:{\u00ab\u00a0val\u00a0\u00bb:\u00a0\u00bbvar(&#8211;tcb-skin-color-0)\u00a0\u00bb}},\u00a0\u00bbgradients\u00a0\u00bb:[]}}]}__CONFIG_colors_palette__ <a href=\"https:\/\/reservations.hotelpraktikessens.com\/praktik_essens\/availability?lang=fr\" target=\"_blank\" rel=\"nofollow noopener\"> R\u00c9SERVATION <\/a><\/p>\n<h2 style=\"text-align: center\">Les R\u00e9servations directes ont leurs avantages<\/h2>\n<p style=\"text-align: center\">En r\u00e9servant directement sur le site Internet de l&rsquo;h\u00f4tel Praktik Essens, vous b\u00e9n\u00e9ficierez de nombreux avantages lors de votre s\u00e9jour \u00e0 Barcelone<\/p>\n<p><img decoding=\"async\" title=\"icono-mejorprecio-praktik\" src=\"https:\/\/www.hotelpraktikessens.com\/wp-content\/uploads\/icono-mejorprecio-praktik-300x300.png\" alt=\"icono-mejorprecio-praktik\" width=\"210\" height=\"210\" data-id=\"809\" data-init-width=\"300\" data-init-height=\"300\" data-width=\"210\" data-height=\"210\" \/><\/p>\n<p style=\"text-align: center\">Le meilleur prix est toujours propos\u00e9 sur notre site Internet<\/p>\n<p style=\"text-align: center\">En r\u00e9servant sur notre site Internet, vous b\u00e9n\u00e9ficierez d&rsquo;une r\u00e9duction de 5 % sur le prix de votre chambre<\/p>\n<p><img decoding=\"async\" title=\"icono-NOoverbooking-praktik\" src=\"https:\/\/www.hotelpraktikessens.com\/wp-content\/uploads\/icono-NOoverbooking-praktik-300x300.png\" alt=\"icono-NOoverbooking-praktik\" width=\"210\" height=\"210\" data-id=\"810\" data-init-width=\"300\" data-init-height=\"300\" data-width=\"210\" data-height=\"210\" \/><\/p>\n<p style=\"text-align: center\">Nous vous assurons qu&rsquo;il n&rsquo;y aura pas de surr\u00e9servation<\/p>\n<p style=\"text-align: center\">Nous contr\u00f4lons parfaitement nos r\u00e9servations afin d&rsquo;\u00e9viter des surprises<\/p>\n<p><img decoding=\"async\" title=\"icono-FREEupgrade-praktik-300x300-02\" src=\"https:\/\/www.hotelpraktikessens.com\/wp-content\/uploads\/sites\/22\/2022\/11\/icono-FREEupgrade-praktik-300x300-02.png\" alt=\"free upgrade Praktik\" width=\"155\" height=\"169\" data-id=\"5351\" data-init-width=\"207\" data-init-height=\"226\" data-width=\"155\" data-height=\"169\" \/><\/p>\n<p style=\"text-align: center\">Surclassement de chambre pour le m\u00eame prix<\/p>\n<p style=\"text-align: center\">Le surclassement de chambre est uniquement disponible pour les r\u00e9servations effectu\u00e9es sur le site Internet et dans la limite des disponibilit\u00e9s.<\/p>\n<p><img decoding=\"async\" title=\"icono-cancelacionGRATIS-praktik\" src=\"https:\/\/www.hotelpraktikessens.com\/wp-content\/uploads\/icono-cancelacionGRATIS-praktik-300x300.png\" alt=\"icono-cancelacionGRATIS-praktik\" width=\"210\" height=\"210\" data-id=\"806\" data-init-width=\"300\" data-init-height=\"300\" data-width=\"210\" data-height=\"210\" \/><\/p>\n<p style=\"text-align: center\">Annulation gratuite 24 h<\/p>\n<p style=\"text-align: center\">Nous sommes conscients des impr\u00e9vus qui peuvent survenir, c&rsquo;est pourquoi l&rsquo;annulation de r\u00e9servation est gratuite.<\/p>\n<p><img decoding=\"async\" title=\"icono-latecheckoutGRATIS-praktik\" src=\"https:\/\/www.hotelpraktikessens.com\/wp-content\/uploads\/icono-latecheckoutGRATIS-praktik-300x300.png\" alt=\"icono-latecheckoutGRATIS-praktik\" width=\"210\" height=\"210\" data-id=\"808\" data-init-width=\"300\" data-init-height=\"300\" data-width=\"210\" data-height=\"210\" \/><\/p>\n<p style=\"text-align: center\">Check-out tardif gratuit<\/p>\n<p style=\"text-align: center\">Si vous faites partie de ceux qui aiment faire la grasse matin\u00e9e, nous couvrons vos arri\u00e8res depuis notre site Internet.<\/p>\n<p><a href=\"void(0)\"> Load More <\/a><\/p>\n<p>Les r\u00e9servations directes ont leurs avantages<\/p>\n<p>En r\u00e9servant directement sur le site Internet de l&rsquo;h\u00f4tel Praktik Essens, vous b\u00e9n\u00e9ficierez de nombreux avantages lors de votre s\u00e9jour \u00e0 Barcelone<\/p>\n<div class='white' style='background:rgba(0,0,0,0); border:solid 0px rgba(0,0,0,0); border-radius:0px; padding:0px 0px 0px 0px;'>\n<div id='slider_ventajas' class='owl-carousel sa_owl_theme owl-pagination-true autohide-arrows' data-slider-id='slider_ventajas' style='visibility:hidden;'>\n<div id='slider_ventajas_slide01' class='sa_hover_container' style='padding:5% 5%; margin:0px 0%; '><p style=\"text-align: center\"><img decoding=\"async\" class=\"aligncenter wp-image-809 size-thumbnail\" src=\"https:\/\/www.hotelpraktikessens.com\/wp-content\/uploads\/sites\/22\/2022\/11\/icono-mejorprecio-praktik.png\" alt=\"icono mejorprecio praktik\" width=\"150\" height=\"150\" \/><\/p>\r\n<p style=\"text-align: center;font-weight: bold!important;font-size: 18px\">Le meilleur prix est toujours propos\u00e9 sur notre site Internet<\/p>\r\n<p style=\"text-align: center;font-size: 16px\">En r\u00e9servant sur notre site Internet, vous b\u00e9n\u00e9ficierez d'une r\u00e9duction de 5 % sur le prix de votre chambre.<\/p><\/div>\n<div id='slider_ventajas_slide02' class='sa_hover_container' style='padding:5% 5%; margin:0px 0%; '><p style=\"text-align: center\"><img decoding=\"async\" class=\"aligncenter wp-image-810 size-thumbnail\" src=\"https:\/\/www.hotelpraktikessens.com\/wp-content\/uploads\/sites\/22\/2022\/11\/icono-NOoverbooking-praktik.png\" alt=\"icono-NOoverbooking-praktik\" width=\"150\" height=\"150\" \/><\/p>\r\n<p style=\"text-align: center;font-weight: bold!important;font-size: 18px\">Nous vous assurons qu'il n'y aura pas de surr\u00e9servation<\/p>\r\n<p style=\"text-align: center;font-size: 16px\">Nous contr\u00f4lons parfaitement nos r\u00e9servations afin d'\u00e9viter des surprises.<\/p><\/div>\n<div id='slider_ventajas_slide03' class='sa_hover_container' style='padding:5% 5%; margin:0px 0%; '><p style=\"text-align: center\"><img decoding=\"async\" class=\"aligncenter size-thumbnail wp-image-5351\" src=\"https:\/\/www.hotelpraktikessens.com\/wp-content\/uploads\/sites\/22\/2022\/11\/icono-FREEupgrade-praktik.png\" alt=\"free upgrade Praktik\" width=\"150\" height=\"150\" \/><\/p>\r\n<p style=\"text-align: center;font-weight: bold!important;font-size: 18px\">Surclassement de chambre pour le m\u00eame prix<\/p>\r\n<p style=\"text-align: center;font-size: 16px\">Le surclassement de chambre est uniquement disponible pour les r\u00e9servations effectu\u00e9es sur le site Internet et dans la limite des disponibilit\u00e9s.<\/p><\/div>\n<div id='slider_ventajas_slide04' class='sa_hover_container' style='padding:5% 5%; margin:0px 0%; '><p style=\"text-align: center\"><img decoding=\"async\" class=\"aligncenter wp-image-806 size-thumbnail\" src=\"https:\/\/www.hotelpraktikessens.com\/wp-content\/uploads\/sites\/22\/2022\/11\/icono-cancelacionGRATIS-praktik.png\" alt=\"icono-cancelacionGRATIS-praktik\" width=\"150\" height=\"150\" \/><\/p>\r\n<p style=\"text-align: center;font-weight: bold!important;font-size: 18px\">Annulation gratuite 24 h<\/p>\r\n<p style=\"text-align: center;font-size: 16px\">Nous sommes conscients des impr\u00e9vus qui peuvent survenir, c'est pourquoi l'annulation de r\u00e9servation est gratuite.<\/p><\/div>\n<div id='slider_ventajas_slide05' class='sa_hover_container' style='padding:5% 5%; margin:0px 0%; '><p style=\"text-align: center\"><img decoding=\"async\" class=\"aligncenter size-thumbnail wp-image-3587\" src=\"https:\/\/www.hotelpraktikessens.com\/wp-content\/uploads\/sites\/22\/2022\/11\/icono-latecheckoutGRATIS-praktik.png\" alt=\"late checkout GRATIS\" width=\"150\" height=\"150\" \/><\/p>\r\n<p style=\"text-align: center;font-weight: bold!important;font-size: 18px\">Check-out tardif gratuit<\/p>\r\n<p style=\"text-align: center;font-size: 16px\">Si vous faites partie de ceux qui aiment faire la grasse matin\u00e9e, nous couvrons vos arri\u00e8res depuis notre site Internet.<\/p><\/div>\n<\/div>\n<\/div>\n<script type='text\/javascript'>\n\tjQuery(document).ready(function() {\n\t\tjQuery('#slider_ventajas').owlCarousel({\n\t\t\tresponsive:{\n\t\t\t\t0:{ items:1 },\n\t\t\t\t480:{ items:1 },\n\t\t\t\t768:{ items:1 },\n\t\t\t\t980:{ items:2 },\n\t\t\t\t1200:{ items:3 },\n\t\t\t\t1500:{ items:3 }\n\t\t\t},\n\t\t\tautoplay : true,\n\t\t\tautoplayTimeout : 5000,\n\t\t\tautoplayHoverPause : true,\n\t\t\tsmartSpeed : 200,\n\t\t\tfluidSpeed : 200,\n\t\t\tautoplaySpeed : 200,\n\t\t\tnavSpeed : 200,\n\t\t\tdotsSpeed : 200,\n\t\t\tloop : true,\n\t\t\tnav : true,\n\t\t\tnavText : ['Previous','Next'],\n\t\t\tdots : true,\n\t\t\tresponsiveRefreshRate : 200,\n\t\t\tslideBy : 1,\n\t\t\tmergeFit : true,\n\t\t\tautoHeight : true,\n\t\t\tmouseDrag : false,\n\t\t\ttouchDrag : true\n\t\t});\n\t\tjQuery('#slider_ventajas').css('visibility', 'visible');\n\t\tsa_resize_slider_ventajas();\n\t\twindow.addEventListener('resize', sa_resize_slider_ventajas);\n\t\tfunction sa_resize_slider_ventajas() {\n\t\t\tvar min_height = '50';\n\t\t\tvar win_width = jQuery(window).width();\n\t\t\tvar slider_width = jQuery('#slider_ventajas').width();\n\t\t\tif (win_width < 480) {\n\t\t\t\tvar slide_width = slider_width \/ 1;\n\t\t\t} else if (win_width < 768) {\n\t\t\t\tvar slide_width = slider_width \/ 1;\n\t\t\t} else if (win_width < 980) {\n\t\t\t\tvar slide_width = slider_width \/ 1;\n\t\t\t} else if (win_width < 1200) {\n\t\t\t\tvar slide_width = slider_width \/ 2;\n\t\t\t} else if (win_width < 1500) {\n\t\t\t\tvar slide_width = slider_width \/ 3;\n\t\t\t} else {\n\t\t\t\tvar slide_width = slider_width \/ 3;\n\t\t\t}\n\t\t\tslide_width = Math.round(slide_width);\n\t\t\tvar slide_height = '0';\n\t\t\tif (min_height == 'aspect43') {\n\t\t\t\tslide_height = (slide_width \/ 4) * 3;\t\t\t\tslide_height = Math.round(slide_height);\n\t\t\t} else if (min_height == 'aspect169') {\n\t\t\t\tslide_height = (slide_width \/ 16) * 9;\t\t\t\tslide_height = Math.round(slide_height);\n\t\t\t} else {\n\t\t\t\tslide_height = (slide_width \/ 100) * min_height;\t\t\t\tslide_height = Math.round(slide_height);\n\t\t\t}\n\t\t\tjQuery('#slider_ventajas .owl-item .sa_hover_container').css('min-height', slide_height+'px');\n\t\t}\n\t\tvar owl_goto = jQuery('#slider_ventajas');\n\t\tjQuery('.slider_ventajas_goto1').click(function(event){\n\t\t\towl_goto.trigger('to.owl.carousel', 0);\n\t\t});\n\t\tjQuery('.slider_ventajas_goto2').click(function(event){\n\t\t\towl_goto.trigger('to.owl.carousel', 1);\n\t\t});\n\t\tjQuery('.slider_ventajas_goto3').click(function(event){\n\t\t\towl_goto.trigger('to.owl.carousel', 2);\n\t\t});\n\t\tjQuery('.slider_ventajas_goto4').click(function(event){\n\t\t\towl_goto.trigger('to.owl.carousel', 3);\n\t\t});\n\t\tjQuery('.slider_ventajas_goto5').click(function(event){\n\t\t\towl_goto.trigger('to.owl.carousel', 4);\n\t\t});\n\t\tvar resize_7541 = jQuery('.owl-carousel');\n\t\tresize_7541.on('initialized.owl.carousel', function(e) {\n\t\t\tif (typeof(Event) === 'function') {\n\t\t\t\twindow.dispatchEvent(new Event('resize'));\n\t\t\t} else {\n\t\t\t\tvar evt = window.document.createEvent('UIEvents');\n\t\t\t\tevt.initUIEvent('resize', true, false, window, 0);\n\t\t\t\twindow.dispatchEvent(evt);\n\t\t\t}\n\t\t});\n\t});\n<\/script>\n\n<div class='white' style='background:rgba(0,0,0,0); border:solid 0px rgba(0,0,0,0); border-radius:0px; padding:0px 0px 0px 0px;'>\n<div id='slider_10292' class='owl-carousel sa_owl_theme owl-pagination-true autohide-arrows' data-slider-id='slider_10292' style='visibility:hidden;'>\n<div id='slider_10292_slide07' class='sa_hover_container' style='padding:5% 5%; margin:0px 1.5%; background-image:url(&quot;https:\/\/www.hotelpraktikessens.com\/wp-content\/uploads\/sites\/22\/HOTEL-PRAKTIK-ESSENS-BARCELONA-HABITACION-PREMIUM-TERRAZA-3.jpg&quot;); background-position:center center; background-size:cover; background-repeat:no-repeat; min-height:390px; '><\/div>\n<div id='slider_10292_slide02' class='sa_hover_container' style='padding:5% 5%; margin:0px 1.5%; background-image:url(&quot;https:\/\/www.hotelpraktikessens.com\/wp-content\/uploads\/sites\/22\/HOTEL-PRAKTIK-ESSENS-BARCELONA-HABITACION-PREMIUM-TERRAZA-8.jpg&quot;); background-position:center center; background-size:cover; background-repeat:no-repeat; min-height:390px; '><\/div>\n<div id='slider_10292_slide05' class='sa_hover_container' style='padding:5% 5%; margin:0px 1.5%; background-image:url(&quot;https:\/\/www.hotelpraktikessens.com\/wp-content\/uploads\/sites\/22\/HOTEL-PRAKTIK-ESSENS-BARCELONA-HABITACION-PREMIUM-TERRAZA-7-1.jpg&quot;); background-position:center center; background-size:cover; background-repeat:no-repeat; min-height:390px; '><\/div>\n<div id='slider_10292_slide01' class='sa_hover_container' style='padding:5% 5%; margin:0px 1.5%; background-image:url(&quot;https:\/\/www.hotelpraktikessens.com\/wp-content\/uploads\/sites\/22\/HOTEL-PRAKTIK-ESSENS-BARCELONA-HABITACION-SUPERIOR-8.jpg&quot;); background-position:center center; background-size:cover; background-repeat:no-repeat; min-height:390px; '><\/div>\n<div id='slider_10292_slide06' class='sa_hover_container' style='padding:5% 5%; margin:0px 1.5%; background-image:url(&quot;https:\/\/www.hotelpraktikessens.com\/wp-content\/uploads\/sites\/22\/HOTEL-PRAKTIK-ESSENS-BARCELONA-HABITACION-PREMIUM-TERRAZA-4.jpg&quot;); background-position:center center; background-size:cover; background-repeat:no-repeat; min-height:390px; '><\/div>\n<div id='slider_10292_slide03' class='sa_hover_container' style='padding:5% 5%; margin:0px 1.5%; background-image:url(&quot;https:\/\/www.hotelpraktikessens.com\/wp-content\/uploads\/sites\/22\/HOTEL-PRAKTIK-ESSENS-BARCELONA-HABITACION-PREMIUM-TERRAZA-6.jpg&quot;); background-position:center center; background-size:cover; background-repeat:no-repeat; min-height:390px; '><\/div>\n<div id='slider_10292_slide04' class='sa_hover_container' style='padding:5% 5%; margin:0px 1.5%; background-image:url(&quot;https:\/\/www.hotelpraktikessens.com\/wp-content\/uploads\/sites\/22\/HOTEL-PRAKTIK-ESSENS-BARCELONA-HABITACION-SUPERIOR-2.jpg&quot;); background-position:center center; background-size:cover; background-repeat:no-repeat; min-height:390px; '><\/div>\n<\/div>\n<\/div>\n<script type='text\/javascript'>\n\tjQuery(document).ready(function() {\n\t\tjQuery('#slider_10292').owlCarousel({\n\t\t\tresponsive:{\n\t\t\t\t0:{ items:1 },\n\t\t\t\t480:{ items:1 },\n\t\t\t\t768:{ items:2 },\n\t\t\t\t980:{ items:2 },\n\t\t\t\t1200:{ items:3 },\n\t\t\t\t1500:{ items:3 }\n\t\t\t},\n\t\t\tautoplay : true,\n\t\t\tautoplayTimeout : 5000,\n\t\t\tautoplayHoverPause : true,\n\t\t\tsmartSpeed : 200,\n\t\t\tfluidSpeed : 200,\n\t\t\tautoplaySpeed : 200,\n\t\t\tnavSpeed : 200,\n\t\t\tdotsSpeed : 200,\n\t\t\tloop : true,\n\t\t\tnav : false,\n\t\t\tnavText : ['Previous','Next'],\n\t\t\tdots : true,\n\t\t\tresponsiveRefreshRate : 200,\n\t\t\tslideBy : 1,\n\t\t\tmergeFit : true,\n\t\t\tautoHeight : false,\n\t\t\tmouseDrag : true,\n\t\t\ttouchDrag : true\n\t\t});\n\t\tjQuery('#slider_10292').css('visibility', 'visible');\n\t\tvar owl_goto = jQuery('#slider_10292');\n\t\tjQuery('.slider_10292_goto1').click(function(event){\n\t\t\towl_goto.trigger('to.owl.carousel', 0);\n\t\t});\n\t\tjQuery('.slider_10292_goto2').click(function(event){\n\t\t\towl_goto.trigger('to.owl.carousel', 1);\n\t\t});\n\t\tjQuery('.slider_10292_goto3').click(function(event){\n\t\t\towl_goto.trigger('to.owl.carousel', 2);\n\t\t});\n\t\tjQuery('.slider_10292_goto4').click(function(event){\n\t\t\towl_goto.trigger('to.owl.carousel', 3);\n\t\t});\n\t\tjQuery('.slider_10292_goto5').click(function(event){\n\t\t\towl_goto.trigger('to.owl.carousel', 4);\n\t\t});\n\t\tjQuery('.slider_10292_goto6').click(function(event){\n\t\t\towl_goto.trigger('to.owl.carousel', 5);\n\t\t});\n\t\tjQuery('.slider_10292_goto7').click(function(event){\n\t\t\towl_goto.trigger('to.owl.carousel', 6);\n\t\t});\n\t\tvar resize_10292 = jQuery('.owl-carousel');\n\t\tresize_10292.on('initialized.owl.carousel', function(e) {\n\t\t\tif (typeof(Event) === 'function') {\n\t\t\t\twindow.dispatchEvent(new Event('resize'));\n\t\t\t} else {\n\t\t\t\tvar evt = window.document.createEvent('UIEvents');\n\t\t\t\tevt.initUIEvent('resize', true, false, window, 0);\n\t\t\t\twindow.dispatchEvent(evt);\n\t\t\t}\n\t\t});\n\t});\n<\/script>\n\n<p style=\"text-align: center\">Retrouvez-nous dans le centre de Barcelone<\/p>\n<p style=\"text-align: center\">Si vous cherchez des h\u00f4tels dans le centre de Barcelone, nous disposons des meilleurs emplacements vous permettant de vous rendre \u00e0 pied o\u00f9 bon vous semble.<\/p>\n\n            <div \n                class=\"elfsight-widget-google-maps elfsight-widget\" \n                data-elfsight-google-maps-options=\"%7B%22categoriesEnabled%22%3Afalse%2C%22categories%22%3A%5B%7B%22value%22%3A%22%22%2C%22name%22%3A%22%20-%20None%20-%20%22%2C%22visible%22%3Afalse%7D%2C%7B%22nameProperty%22%3A%22name%22%2C%22duplicateAction%22%3Afalse%2C%22idProperty%22%3A%22value%22%2C%22properties%22%3A%5B%7B%22id%22%3A%22name%22%2C%22name%22%3A%22Name%22%2C%22type%22%3A%22text%22%2C%22defaultValue%22%3A%22%22%2C%22description%22%3A%22Set%20the%20category%20name.%22%7D%2C%7B%22id%22%3A%22value%22%2C%22name%22%3A%22Value%22%2C%22type%22%3A%22text%22%2C%22visible%22%3Afalse%7D%2C%7B%22id%22%3A%22icon%22%2C%22name%22%3A%22Icon%22%2C%22type%22%3A%22select%22%2C%22allowEmpty%22%3Atrue%2C%22select%22%3A%7B%22optionsSource%22%3A%22icons%22%2C%22options%22%3A%5B%7B%22value%22%3A%22%22%2C%22name%22%3A%22%20-%20None%20-%20%22%2C%22visible%22%3Afalse%7D%2C%7B%22value%22%3A%22285311f3-3d86-4895-b13a-0439dbac3c4d%22%2C%22name%22%3A%22https%3A%5C%2F%5C%2Fwww.hotelpraktikessens.com%5C%2Fwp-content%5C%2Fuploads%5C%2Fsites%5C%2F22%5C%2F2022%5C%2F11%5C%2Fbakery-gmap.png%22%2C%22preview%22%3A%22https%3A%5C%2F%5C%2Fwww.hotelpraktikessens.com%5C%2Fwp-content%5C%2Fuploads%5C%2Fsites%5C%2F22%5C%2F2022%5C%2F11%5C%2Fbakery-gmap.png%22%2C%22iconType%22%3A%22custom%22%2C%22iconLibrary%22%3A%22default%22%2C%22iconCustom%22%3A%22https%3A%5C%2F%5C%2Fwww.hotelpraktikessens.com%5C%2Fwp-content%5C%2Fuploads%5C%2Fsites%5C%2F22%5C%2F2022%5C%2F11%5C%2Fbakery-gmap.png%22%2C%22iconColor%22%3A%22rgb%286%2C%20111%2C%20122%29%22%2C%22iconSize%22%3A32%7D%2C%7B%22value%22%3A%2268ce0f1e-891f-40a6-8b21-35bc58454e0f%22%2C%22name%22%3A%22https%3A%5C%2F%5C%2Fwww.hotelpraktikessens.com%5C%2Fwp-content%5C%2Fuploads%5C%2Fsites%5C%2F22%5C%2F2022%5C%2F11%5C%2Fvinoteca-gmap.png%22%2C%22preview%22%3A%22https%3A%5C%2F%5C%2Fwww.hotelpraktikessens.com%5C%2Fwp-content%5C%2Fuploads%5C%2Fsites%5C%2F22%5C%2F2022%5C%2F11%5C%2Fvinoteca-gmap.png%22%2C%22iconType%22%3A%22custom%22%2C%22iconLibrary%22%3A%22default%22%2C%22iconCustom%22%3A%22https%3A%5C%2F%5C%2Fwww.hotelpraktikessens.com%5C%2Fwp-content%5C%2Fuploads%5C%2Fsites%5C%2F22%5C%2F2022%5C%2F11%5C%2Fvinoteca-gmap.png%22%2C%22iconColor%22%3A%22%22%2C%22iconSize%22%3A32%7D%2C%7B%22value%22%3A%22c50c6c99-ef8a-4fc7-b740-18f6ce4831cd%22%2C%22name%22%3A%22https%3A%5C%2F%5C%2Fwww.hotelpraktikessens.com%5C%2Fwp-content%5C%2Fuploads%5C%2Fsites%5C%2F22%5C%2F2022%5C%2F11%5C%2Fgarden-gmap.png%22%2C%22preview%22%3A%22https%3A%5C%2F%5C%2Fwww.hotelpraktikessens.com%5C%2Fwp-content%5C%2Fuploads%5C%2Fsites%5C%2F22%5C%2F2022%5C%2F11%5C%2Fgarden-gmap.png%22%2C%22iconType%22%3A%22custom%22%2C%22iconLibrary%22%3A%22default%22%2C%22iconCustom%22%3A%22https%3A%5C%2F%5C%2Fwww.hotelpraktikessens.com%5C%2Fwp-content%5C%2Fuploads%5C%2Fsites%5C%2F22%5C%2F2022%5C%2F11%5C%2Fgarden-gmap.png%22%2C%22iconColor%22%3A%22%22%2C%22iconSize%22%3A32%7D%2C%7B%22value%22%3A%229a883a30-e05a-47ae-a5e6-8dd4bf3a3c78%22%2C%22name%22%3A%22https%3A%5C%2F%5C%2Fwww.hotelpraktikessens.com%5C%2Fwp-content%5C%2Fuploads%5C%2Fsites%5C%2F22%5C%2F2022%5C%2F11%5C%2Frambla-gmap.png%22%2C%22preview%22%3A%22https%3A%5C%2F%5C%2Fwww.hotelpraktikessens.com%5C%2Fwp-content%5C%2Fuploads%5C%2Fsites%5C%2F22%5C%2F2022%5C%2F11%5C%2Frambla-gmap.png%22%2C%22iconType%22%3A%22custom%22%2C%22iconLibrary%22%3A%22default%22%2C%22iconCustom%22%3A%22https%3A%5C%2F%5C%2Fwww.hotelpraktikessens.com%5C%2Fwp-content%5C%2Fuploads%5C%2Fsites%5C%2F22%5C%2F2022%5C%2F11%5C%2Frambla-gmap.png%22%2C%22iconColor%22%3A%22%22%2C%22iconSize%22%3A32%7D%2C%7B%22value%22%3A%2270a38ab3-40fb-4e14-9a80-94f2170c4bf0%22%2C%22name%22%3A%22https%3A%5C%2F%5C%2Fwww.hotelpraktikessens.com%5C%2Fwp-content%5C%2Fuploads%5C%2Fsites%5C%2F22%5C%2F2022%5C%2F11%5C%2Fessens-gmap.png%22%2C%22preview%22%3A%22https%3A%5C%2F%5C%2Fwww.hotelpraktikessens.com%5C%2Fwp-content%5C%2Fuploads%5C%2Fsites%5C%2F22%5C%2F2022%5C%2F11%5C%2Fessens-gmap.png%22%2C%22iconType%22%3A%22custom%22%2C%22iconLibrary%22%3A%22default%22%2C%22iconCustom%22%3A%22https%3A%5C%2F%5C%2Fwww.hotelpraktikessens.com%5C%2Fwp-content%5C%2Fuploads%5C%2Fsites%5C%2F22%5C%2F2022%5C%2F11%5C%2Fessens-gmap.png%22%2C%22iconColor%22%3A%22%22%2C%22iconSize%22%3A32%7D%5D%7D%2C%22defaultValue%22%3A%22%22%2C%22description%22%3A%22Choose%20a%20icon%20for%20the%20location.%22%7D%5D%2C%22name%22%3A%22Hoteles%20Praktik%22%2C%22value%22%3A%229b85f074-4b7c-4c37-a7b1-aaeabfc7779f%22%2C%22icon%22%3A%22%22%2C%22displayName%22%3A%22Hoteles%20Praktik%22%7D%5D%2C%22icons%22%3A%5B%7B%22value%22%3A%22%22%2C%22name%22%3A%22%20-%20None%20-%20%22%2C%22visible%22%3Afalse%7D%2C%7B%22value%22%3A%22285311f3-3d86-4895-b13a-0439dbac3c4d%22%2C%22name%22%3A%22https%3A%5C%2F%5C%2Fwww.hotelpraktikessens.com%5C%2Fwp-content%5C%2Fuploads%5C%2Fsites%5C%2F22%5C%2F2022%5C%2F11%5C%2Fbakery-gmap.png%22%2C%22preview%22%3A%22https%3A%5C%2F%5C%2Fwww.hotelpraktikessens.com%5C%2Fwp-content%5C%2Fuploads%5C%2Fsites%5C%2F22%5C%2F2022%5C%2F11%5C%2Fbakery-gmap.png%22%2C%22iconType%22%3A%22custom%22%2C%22iconLibrary%22%3A%22default%22%2C%22iconCustom%22%3A%22https%3A%5C%2F%5C%2Fwww.hotelpraktikessens.com%5C%2Fwp-content%5C%2Fuploads%5C%2Fsites%5C%2F22%5C%2F2022%5C%2F11%5C%2Fbakery-gmap.png%22%2C%22iconColor%22%3A%22rgb%286%2C%20111%2C%20122%29%22%2C%22iconSize%22%3A32%7D%2C%7B%22value%22%3A%2268ce0f1e-891f-40a6-8b21-35bc58454e0f%22%2C%22name%22%3A%22https%3A%5C%2F%5C%2Fwww.hotelpraktikessens.com%5C%2Fwp-content%5C%2Fuploads%5C%2Fsites%5C%2F22%5C%2F2022%5C%2F11%5C%2Fvinoteca-gmap.png%22%2C%22preview%22%3A%22https%3A%5C%2F%5C%2Fwww.hotelpraktikessens.com%5C%2Fwp-content%5C%2Fuploads%5C%2Fsites%5C%2F22%5C%2F2022%5C%2F11%5C%2Fvinoteca-gmap.png%22%2C%22iconType%22%3A%22custom%22%2C%22iconLibrary%22%3A%22default%22%2C%22iconCustom%22%3A%22https%3A%5C%2F%5C%2Fwww.hotelpraktikessens.com%5C%2Fwp-content%5C%2Fuploads%5C%2Fsites%5C%2F22%5C%2F2022%5C%2F11%5C%2Fvinoteca-gmap.png%22%2C%22iconColor%22%3A%22%22%2C%22iconSize%22%3A32%7D%2C%7B%22value%22%3A%22c50c6c99-ef8a-4fc7-b740-18f6ce4831cd%22%2C%22name%22%3A%22https%3A%5C%2F%5C%2Fwww.hotelpraktikessens.com%5C%2Fwp-content%5C%2Fuploads%5C%2Fsites%5C%2F22%5C%2F2022%5C%2F11%5C%2Fgarden-gmap.png%22%2C%22preview%22%3A%22https%3A%5C%2F%5C%2Fwww.hotelpraktikessens.com%5C%2Fwp-content%5C%2Fuploads%5C%2Fsites%5C%2F22%5C%2F2022%5C%2F11%5C%2Fgarden-gmap.png%22%2C%22iconType%22%3A%22custom%22%2C%22iconLibrary%22%3A%22default%22%2C%22iconCustom%22%3A%22https%3A%5C%2F%5C%2Fwww.hotelpraktikessens.com%5C%2Fwp-content%5C%2Fuploads%5C%2Fsites%5C%2F22%5C%2F2022%5C%2F11%5C%2Fgarden-gmap.png%22%2C%22iconColor%22%3A%22%22%2C%22iconSize%22%3A32%7D%2C%7B%22value%22%3A%229a883a30-e05a-47ae-a5e6-8dd4bf3a3c78%22%2C%22name%22%3A%22https%3A%5C%2F%5C%2Fwww.hotelpraktikessens.com%5C%2Fwp-content%5C%2Fuploads%5C%2Fsites%5C%2F22%5C%2F2022%5C%2F11%5C%2Frambla-gmap.png%22%2C%22preview%22%3A%22https%3A%5C%2F%5C%2Fwww.hotelpraktikessens.com%5C%2Fwp-content%5C%2Fuploads%5C%2Fsites%5C%2F22%5C%2F2022%5C%2F11%5C%2Frambla-gmap.png%22%2C%22iconType%22%3A%22custom%22%2C%22iconLibrary%22%3A%22default%22%2C%22iconCustom%22%3A%22https%3A%5C%2F%5C%2Fwww.hotelpraktikessens.com%5C%2Fwp-content%5C%2Fuploads%5C%2Fsites%5C%2F22%5C%2F2022%5C%2F11%5C%2Frambla-gmap.png%22%2C%22iconColor%22%3A%22%22%2C%22iconSize%22%3A32%7D%2C%7B%22value%22%3A%2270a38ab3-40fb-4e14-9a80-94f2170c4bf0%22%2C%22name%22%3A%22https%3A%5C%2F%5C%2Fwww.hotelpraktikessens.com%5C%2Fwp-content%5C%2Fuploads%5C%2Fsites%5C%2F22%5C%2F2022%5C%2F11%5C%2Fessens-gmap.png%22%2C%22preview%22%3A%22https%3A%5C%2F%5C%2Fwww.hotelpraktikessens.com%5C%2Fwp-content%5C%2Fuploads%5C%2Fsites%5C%2F22%5C%2F2022%5C%2F11%5C%2Fessens-gmap.png%22%2C%22iconType%22%3A%22custom%22%2C%22iconLibrary%22%3A%22default%22%2C%22iconCustom%22%3A%22https%3A%5C%2F%5C%2Fwww.hotelpraktikessens.com%5C%2Fwp-content%5C%2Fuploads%5C%2Fsites%5C%2F22%5C%2F2022%5C%2F11%5C%2Fessens-gmap.png%22%2C%22iconColor%22%3A%22%22%2C%22iconSize%22%3A32%7D%2C%7B%22value%22%3A%2202a7b46d-c264-45a9-8842-0ceb8a78aceb%22%2C%22name%22%3A%22https%3A%5C%2F%5C%2Fwww.hotelpraktikessens.com%5C%2Fwp-content%5C%2Fuploads%5C%2Fsites%5C%2F22%5C%2F2022%5C%2F11%5C%2Fagbar-icon.png%22%2C%22preview%22%3A%22https%3A%5C%2F%5C%2Fwww.hotelpraktikessens.com%5C%2Fwp-content%5C%2Fuploads%5C%2Fsites%5C%2F22%5C%2F2022%5C%2F11%5C%2Fagbar-icon.png%22%2C%22iconType%22%3A%22custom%22%2C%22iconLibrary%22%3A%22default%22%2C%22iconCustom%22%3A%22https%3A%5C%2F%5C%2Fwww.hotelpraktikessens.com%5C%2Fwp-content%5C%2Fuploads%5C%2Fsites%5C%2F22%5C%2F2022%5C%2F11%5C%2Fagbar-icon.png%22%2C%22iconColor%22%3A%22%22%2C%22iconSize%22%3A70%7D%2C%7B%22value%22%3A%2204b9e5b3-7a0f-47c4-a6cf-d74122d285cc%22%2C%22name%22%3A%22https%3A%5C%2F%5C%2Fwww.hotelpraktikessens.com%5C%2Fwp-content%5C%2Fuploads%5C%2Fsites%5C%2F22%5C%2F2022%5C%2F11%5C%2Farcdetriomf-icon-3.png%22%2C%22preview%22%3A%22https%3A%5C%2F%5C%2Fwww.hotelpraktikessens.com%5C%2Fwp-content%5C%2Fuploads%5C%2Fsites%5C%2F22%5C%2F2022%5C%2F11%5C%2Farcdetriomf-icon-3.png%22%2C%22iconType%22%3A%22custom%22%2C%22iconLibrary%22%3A%22default%22%2C%22iconCustom%22%3A%22https%3A%5C%2F%5C%2Fwww.hotelpraktikessens.com%5C%2Fwp-content%5C%2Fuploads%5C%2Fsites%5C%2F22%5C%2F2022%5C%2F11%5C%2Farcdetriomf-icon-3.png%22%2C%22iconColor%22%3A%22%22%2C%22iconSize%22%3A72%7D%2C%7B%22value%22%3A%22385e89c5-cfc3-4a0a-a89e-b7849cc30aa8%22%2C%22name%22%3A%22https%3A%5C%2F%5C%2Fwww.hotelpraktikessens.com%5C%2Fwp-content%5C%2Fuploads%5C%2Fsites%5C%2F22%5C%2F2022%5C%2F11%5C%2Fbattlo-icon.png%22%2C%22preview%22%3A%22https%3A%5C%2F%5C%2Fwww.hotelpraktikessens.com%5C%2Fwp-content%5C%2Fuploads%5C%2Fsites%5C%2F22%5C%2F2022%5C%2F11%5C%2Fbattlo-icon.png%22%2C%22iconType%22%3A%22custom%22%2C%22iconLibrary%22%3A%22default%22%2C%22iconCustom%22%3A%22https%3A%5C%2F%5C%2Fwww.hotelpraktikessens.com%5C%2Fwp-content%5C%2Fuploads%5C%2Fsites%5C%2F22%5C%2F2022%5C%2F11%5C%2Fbattlo-icon.png%22%2C%22iconColor%22%3A%22%22%2C%22iconSize%22%3A72%7D%2C%7B%22value%22%3A%2242a63f8b-df91-472d-94ba-ad7a3bde8537%22%2C%22name%22%3A%22https%3A%5C%2F%5C%2Fwww.hotelpraktikessens.com%5C%2Fwp-content%5C%2Fuploads%5C%2Fsites%5C%2F22%5C%2F2022%5C%2F11%5C%2Fcampnou-icon-2.png%22%2C%22preview%22%3A%22https%3A%5C%2F%5C%2Fwww.hotelpraktikessens.com%5C%2Fwp-content%5C%2Fuploads%5C%2Fsites%5C%2F22%5C%2F2022%5C%2F11%5C%2Fcampnou-icon-2.png%22%2C%22iconType%22%3A%22custom%22%2C%22iconLibrary%22%3A%22default%22%2C%22iconCustom%22%3A%22https%3A%5C%2F%5C%2Fwww.hotelpraktikessens.com%5C%2Fwp-content%5C%2Fuploads%5C%2Fsites%5C%2F22%5C%2F2022%5C%2F11%5C%2Fcampnou-icon-2.png%22%2C%22iconColor%22%3A%22%22%2C%22iconSize%22%3A72%7D%2C%7B%22value%22%3A%226e96838d-6132-4d0d-acf0-6c44ff8f3442%22%2C%22name%22%3A%22https%3A%5C%2F%5C%2Fwww.hotelpraktikessens.com%5C%2Fwp-content%5C%2Fuploads%5C%2Fsites%5C%2F22%5C%2F2022%5C%2F11%5C%2Fcolon-icon-2.png%22%2C%22preview%22%3A%22https%3A%5C%2F%5C%2Fwww.hotelpraktikessens.com%5C%2Fwp-content%5C%2Fuploads%5C%2Fsites%5C%2F22%5C%2F2022%5C%2F11%5C%2Fcolon-icon-2.png%22%2C%22iconType%22%3A%22custom%22%2C%22iconLibrary%22%3A%22default%22%2C%22iconCustom%22%3A%22https%3A%5C%2F%5C%2Fwww.hotelpraktikessens.com%5C%2Fwp-content%5C%2Fuploads%5C%2Fsites%5C%2F22%5C%2F2022%5C%2F11%5C%2Fcolon-icon-2.png%22%2C%22iconColor%22%3A%22%22%2C%22iconSize%22%3A72%7D%2C%7B%22value%22%3A%222cd02f48-7827-4822-8b1e-0d78e55b2dc8%22%2C%22name%22%3A%22https%3A%5C%2F%5C%2Fwww.hotelpraktikessens.com%5C%2Fwp-content%5C%2Fuploads%5C%2Fsites%5C%2F22%5C%2F2022%5C%2F11%5C%2Fliceu-icon-1.png%22%2C%22preview%22%3A%22https%3A%5C%2F%5C%2Fwww.hotelpraktikessens.com%5C%2Fwp-content%5C%2Fuploads%5C%2Fsites%5C%2F22%5C%2F2022%5C%2F11%5C%2Fliceu-icon-1.png%22%2C%22iconType%22%3A%22custom%22%2C%22iconLibrary%22%3A%22default%22%2C%22iconCustom%22%3A%22https%3A%5C%2F%5C%2Fwww.hotelpraktikessens.com%5C%2Fwp-content%5C%2Fuploads%5C%2Fsites%5C%2F22%5C%2F2022%5C%2F11%5C%2Fliceu-icon-1.png%22%2C%22iconColor%22%3A%22%22%2C%22iconSize%22%3A72%7D%2C%7B%22value%22%3A%226710f89e-b5d3-4713-a206-87b92567bea7%22%2C%22name%22%3A%22https%3A%5C%2F%5C%2Fwww.hotelpraktikessens.com%5C%2Fwp-content%5C%2Fuploads%5C%2Fsites%5C%2F22%5C%2F2022%5C%2F11%5C%2Fmacba-icon-2.png%22%2C%22preview%22%3A%22https%3A%5C%2F%5C%2Fwww.hotelpraktikessens.com%5C%2Fwp-content%5C%2Fuploads%5C%2Fsites%5C%2F22%5C%2F2022%5C%2F11%5C%2Fmacba-icon-2.png%22%2C%22iconType%22%3A%22custom%22%2C%22iconLibrary%22%3A%22default%22%2C%22iconCustom%22%3A%22https%3A%5C%2F%5C%2Fwww.hotelpraktikessens.com%5C%2Fwp-content%5C%2Fuploads%5C%2Fsites%5C%2F22%5C%2F2022%5C%2F11%5C%2Fmacba-icon-2.png%22%2C%22iconColor%22%3A%22%22%2C%22iconSize%22%3A72%7D%2C%7B%22value%22%3A%221ba6b512-3084-4fd1-8ced-b8f9c97c0b80%22%2C%22name%22%3A%22https%3A%5C%2F%5C%2Fwww.hotelpraktikessens.com%5C%2Fwp-content%5C%2Fuploads%5C%2Fsites%5C%2F22%5C%2F2022%5C%2F11%5C%2Fmapfre-icon.png%22%2C%22preview%22%3A%22https%3A%5C%2F%5C%2Fwww.hotelpraktikessens.com%5C%2Fwp-content%5C%2Fuploads%5C%2Fsites%5C%2F22%5C%2F2022%5C%2F11%5C%2Fmapfre-icon.png%22%2C%22iconType%22%3A%22custom%22%2C%22iconLibrary%22%3A%22default%22%2C%22iconCustom%22%3A%22https%3A%5C%2F%5C%2Fwww.hotelpraktikessens.com%5C%2Fwp-content%5C%2Fuploads%5C%2Fsites%5C%2F22%5C%2F2022%5C%2F11%5C%2Fmapfre-icon.png%22%2C%22iconColor%22%3A%22%22%2C%22iconSize%22%3A72%7D%2C%7B%22value%22%3A%22e3639dd3-1b6d-4c10-8c14-1b43ae4ff206%22%2C%22name%22%3A%22https%3A%5C%2F%5C%2Fwww.hotelpraktikessens.com%5C%2Fwp-content%5C%2Fuploads%5C%2Fsites%5C%2F22%5C%2F2022%5C%2F11%5C%2Fpalau-icon.png%22%2C%22preview%22%3A%22https%3A%5C%2F%5C%2Fwww.hotelpraktikessens.com%5C%2Fwp-content%5C%2Fuploads%5C%2Fsites%5C%2F22%5C%2F2022%5C%2F11%5C%2Fpalau-icon.png%22%2C%22iconType%22%3A%22custom%22%2C%22iconLibrary%22%3A%22default%22%2C%22iconCustom%22%3A%22https%3A%5C%2F%5C%2Fwww.hotelpraktikessens.com%5C%2Fwp-content%5C%2Fuploads%5C%2Fsites%5C%2F22%5C%2F2022%5C%2F11%5C%2Fpalau-icon.png%22%2C%22iconColor%22%3A%22%22%2C%22iconSize%22%3A72%7D%2C%7B%22value%22%3A%225dfde4fc-9f95-4507-aac4-f1c2221c6d70%22%2C%22name%22%3A%22https%3A%5C%2F%5C%2Fwww.hotelpraktikessens.com%5C%2Fwp-content%5C%2Fuploads%5C%2Fsites%5C%2F22%5C%2F2022%5C%2F11%5C%2Fparcguell-icon.png%22%2C%22preview%22%3A%22https%3A%5C%2F%5C%2Fwww.hotelpraktikessens.com%5C%2Fwp-content%5C%2Fuploads%5C%2Fsites%5C%2F22%5C%2F2022%5C%2F11%5C%2Fparcguell-icon.png%22%2C%22iconType%22%3A%22custom%22%2C%22iconLibrary%22%3A%22default%22%2C%22iconCustom%22%3A%22https%3A%5C%2F%5C%2Fwww.hotelpraktikessens.com%5C%2Fwp-content%5C%2Fuploads%5C%2Fsites%5C%2F22%5C%2F2022%5C%2F11%5C%2Fparcguell-icon.png%22%2C%22iconColor%22%3A%22%22%2C%22iconSize%22%3A72%7D%2C%7B%22value%22%3A%221be68ae2-0ddd-4ae5-a5a1-b21744a2d8b5%22%2C%22name%22%3A%22https%3A%5C%2F%5C%2Fwww.hotelpraktikessens.com%5C%2Fwp-content%5C%2Fuploads%5C%2Fsites%5C%2F22%5C%2F2022%5C%2F11%5C%2Fpedrera-icon.png%22%2C%22preview%22%3A%22https%3A%5C%2F%5C%2Fwww.hotelpraktikessens.com%5C%2Fwp-content%5C%2Fuploads%5C%2Fsites%5C%2F22%5C%2F2022%5C%2F11%5C%2Fpedrera-icon.png%22%2C%22iconType%22%3A%22custom%22%2C%22iconLibrary%22%3A%22default%22%2C%22iconCustom%22%3A%22https%3A%5C%2F%5C%2Fwww.hotelpraktikessens.com%5C%2Fwp-content%5C%2Fuploads%5C%2Fsites%5C%2F22%5C%2F2022%5C%2F11%5C%2Fpedrera-icon.png%22%2C%22iconColor%22%3A%22%22%2C%22iconSize%22%3A72%7D%2C%7B%22value%22%3A%2221e493aa-5f2f-45e7-b6cc-a19379b51124%22%2C%22name%22%3A%22https%3A%5C%2F%5C%2Fwww.hotelpraktikessens.com%5C%2Fwp-content%5C%2Fuploads%5C%2Fsites%5C%2F22%5C%2F2022%5C%2F11%5C%2Fsagradafamilia-icon.png%22%2C%22preview%22%3A%22https%3A%5C%2F%5C%2Fwww.hotelpraktikessens.com%5C%2Fwp-content%5C%2Fuploads%5C%2Fsites%5C%2F22%5C%2F2022%5C%2F11%5C%2Fsagradafamilia-icon.png%22%2C%22iconType%22%3A%22custom%22%2C%22iconLibrary%22%3A%22default%22%2C%22iconCustom%22%3A%22https%3A%5C%2F%5C%2Fwww.hotelpraktikessens.com%5C%2Fwp-content%5C%2Fuploads%5C%2Fsites%5C%2F22%5C%2F2022%5C%2F11%5C%2Fsagradafamilia-icon.png%22%2C%22iconColor%22%3A%22%22%2C%22iconSize%22%3A72%7D%2C%7B%22value%22%3A%223659f2b3-8929-4426-8337-12764c01b92b%22%2C%22name%22%3A%22https%3A%5C%2F%5C%2Fwww.hotelpraktikessens.com%5C%2Fwp-content%5C%2Fuploads%5C%2Fsites%5C%2F22%5C%2F2022%5C%2F11%5C%2Fsagradocorazon-icon.png%22%2C%22preview%22%3A%22https%3A%5C%2F%5C%2Fwww.hotelpraktikessens.com%5C%2Fwp-content%5C%2Fuploads%5C%2Fsites%5C%2F22%5C%2F2022%5C%2F11%5C%2Fsagradocorazon-icon.png%22%2C%22iconType%22%3A%22custom%22%2C%22iconLibrary%22%3A%22default%22%2C%22iconCustom%22%3A%22https%3A%5C%2F%5C%2Fwww.hotelpraktikessens.com%5C%2Fwp-content%5C%2Fuploads%5C%2Fsites%5C%2F22%5C%2F2022%5C%2F11%5C%2Fsagradocorazon-icon.png%22%2C%22iconColor%22%3A%22%22%2C%22iconSize%22%3A72%7D%2C%7B%22value%22%3A%22fb26acea-6e6a-44a0-9cd6-9c8ebabb44aa%22%2C%22name%22%3A%22https%3A%5C%2F%5C%2Fwww.hotelpraktikessens.com%5C%2Fwp-content%5C%2Fuploads%5C%2Fsites%5C%2F22%5C%2F2022%5C%2F11%5C%2Fsanjordi-icon.png%22%2C%22preview%22%3A%22https%3A%5C%2F%5C%2Fwww.hotelpraktikessens.com%5C%2Fwp-content%5C%2Fuploads%5C%2Fsites%5C%2F22%5C%2F2022%5C%2F11%5C%2Fsanjordi-icon.png%22%2C%22iconType%22%3A%22custom%22%2C%22iconLibrary%22%3A%22default%22%2C%22iconCustom%22%3A%22https%3A%5C%2F%5C%2Fwww.hotelpraktikessens.com%5C%2Fwp-content%5C%2Fuploads%5C%2Fsites%5C%2F22%5C%2F2022%5C%2F11%5C%2Fsanjordi-icon.png%22%2C%22iconColor%22%3A%22%22%2C%22iconSize%22%3A72%7D%5D%2C%22lang%22%3A%22en%22%2C%22distanceUnits%22%3A%22mi%22%2C%22markers%22%3A%5B%7B%22position%22%3A%22Passeig%20de%20Gr%5Cu00e0cia%2C%2092%2C%2008008%20Barcelona%22%2C%22coordinates%22%3A%2241.3954329%2C%202.1619855%22%2C%22infoTitle%22%3A%22La%20Pedrera%22%2C%22category%22%3A%22%22%2C%22icon%22%3A%221be68ae2-0ddd-4ae5-a5a1-b21744a2d8b5%22%2C%22infoDescription%22%3A%22%22%2C%22infoImage%22%3A%7B%22name%22%3A%22%22%2C%22url%22%3A%22%22%7D%2C%22infoAddress%22%3A%22%22%2C%22infoSite%22%3A%22%22%2C%22infoPhone%22%3A%22%22%2C%22infoEmail%22%3A%22%22%2C%22infoWorkingHours%22%3A%22%22%2C%22markerClickAction%22%3A%22infoWindow%22%2C%22infoWindowOpenedByDefault%22%3Afalse%2C%22linkUrl%22%3A%22%22%2C%22animation%22%3A%22none%22%7D%2C%7B%22position%22%3A%22Roger%20de%20Lluria%20123%2C%20Barcelona%22%2C%22coordinates%22%3A%2241.3967521%2C%202.1638276%22%2C%22infoTitle%22%3A%22Hotel%20Praktik%20Bakery%22%2C%22category%22%3A%229b85f074-4b7c-4c37-a7b1-aaeabfc7779f%22%2C%22icon%22%3A%22285311f3-3d86-4895-b13a-0439dbac3c4d%22%2C%22infoDescription%22%3A%22%22%2C%22infoImage%22%3A%22https%3A%5C%2F%5C%2Fwww.hotelpraktikessens.com%5C%2Fwp-content%5C%2Fuploads%5C%2Fsites%5C%2F22%5C%2F2022%5C%2F11%5C%2FBAKERY.jpg%22%2C%22infoAddress%22%3A%22Calle%20Proven%5Cu00e7a%20279%2C%20Barcelona%22%2C%22infoSite%22%3A%22http%3A%5C%2F%5C%2Fwww.hotelpraktikbakery.com%5C%2Fes%22%2C%22infoPhone%22%3A%22%2B34%2093%20488%2000%2061%22%2C%22infoEmail%22%3A%22reservas%40hotelpraktikbakery.com%22%2C%22infoWorkingHours%22%3A%22%22%2C%22markerClickAction%22%3A%22infoWindow%22%2C%22infoWindowOpenedByDefault%22%3Afalse%2C%22linkUrl%22%3A%22%22%2C%22animation%22%3A%22drop%22%7D%2C%7B%22position%22%3A%22Calle%20Diputaci%5Cu00f3%20325%2C%20Barcelona%22%2C%22coordinates%22%3A%2241.39395%2C%202.1711785%22%2C%22infoTitle%22%3A%22Hotel%20Praktik%20Garden%22%2C%22category%22%3A%229b85f074-4b7c-4c37-a7b1-aaeabfc7779f%22%2C%22icon%22%3A%22c50c6c99-ef8a-4fc7-b740-18f6ce4831cd%22%2C%22infoDescription%22%3A%22%22%2C%22infoImage%22%3A%22https%3A%5C%2F%5C%2Fwww.hotelpraktikessens.com%5C%2Fwp-content%5C%2Fuploads%5C%2Fsites%5C%2F22%5C%2F2022%5C%2F11%5C%2FGARDEN.jpg%22%2C%22infoAddress%22%3A%22Calle%20Diputaci%5Cu00f3%20325%2C%20Barcelona%22%2C%22infoSite%22%3A%22https%3A%5C%2F%5C%2Fhotelpraktikgarden.com%22%2C%22infoPhone%22%3A%22%2B34%2093%20467%2052%2079%22%2C%22infoEmail%22%3A%22reservas%40hotelpraktikgarden.com%22%2C%22infoWorkingHours%22%3A%22%22%2C%22markerClickAction%22%3A%22infoWindow%22%2C%22infoWindowOpenedByDefault%22%3Afalse%2C%22linkUrl%22%3A%22%22%2C%22animation%22%3A%22drop%22%7D%2C%7B%22position%22%3A%22Paseo%20de%20Gracia%2C%2024%2C%2008007%20Barcelona%22%2C%22coordinates%22%3A%2241.39030650000001%2C%202.1680629%22%2C%22infoTitle%22%3A%22Hotel%20Praktik%20%20%5Cu00c8ssens%22%2C%22category%22%3A%229b85f074-4b7c-4c37-a7b1-aaeabfc7779f%22%2C%22icon%22%3A%2270a38ab3-40fb-4e14-9a80-94f2170c4bf0%22%2C%22infoDescription%22%3A%22%22%2C%22infoImage%22%3A%22https%3A%5C%2F%5C%2Fwww.hotelpraktikessens.com%5C%2Fwp-content%5C%2Fuploads%5C%2Fsites%5C%2F22%5C%2F2022%5C%2F11%5C%2Ffoto-essens.png%22%2C%22infoAddress%22%3A%22Paseo%20de%20Gracia%2C%2024%2C%2008007%20Barcelona%22%2C%22infoSite%22%3A%22https%3A%5C%2F%5C%2Fhotelpraktikessens.com%22%2C%22infoPhone%22%3A%22%2B34%20933%2042%2087%2030%22%2C%22infoEmail%22%3A%22reservas%40hotelpraktikessens.com%22%2C%22infoWorkingHours%22%3A%22%22%2C%22markerClickAction%22%3A%22infoWindow%22%2C%22infoWindowOpenedByDefault%22%3Afalse%2C%22linkUrl%22%3A%22%22%2C%22animation%22%3A%22drop%22%7D%2C%7B%22position%22%3A%22Rambla%20de%20Catalunya%2027%2C%20Barcelona%22%2C%22coordinates%22%3A%2241.3890045%2C%202.1658045%22%2C%22infoTitle%22%3A%22Hotel%20Praktik%20Rambla%22%2C%22category%22%3A%229b85f074-4b7c-4c37-a7b1-aaeabfc7779f%22%2C%22icon%22%3A%229a883a30-e05a-47ae-a5e6-8dd4bf3a3c78%22%2C%22infoDescription%22%3A%22%22%2C%22infoImage%22%3A%22https%3A%5C%2F%5C%2Fwww.hotelpraktikessens.com%5C%2Fwp-content%5C%2Fuploads%5C%2Fsites%5C%2F22%5C%2F2022%5C%2F11%5C%2FRambla.jpg%22%2C%22infoAddress%22%3A%22Rambla%20de%20Catalunya%2027%2C%20Barcelona%22%2C%22infoSite%22%3A%22https%3A%5C%2F%5C%2Fwww.hotelpraktikrambla.com%22%2C%22infoPhone%22%3A%22%2B34%2093%20343%2066%2090%5Ct%22%2C%22infoEmail%22%3A%22reservas%40hotelpraktikrambla.com%22%2C%22infoWorkingHours%22%3A%22%22%2C%22markerClickAction%22%3A%22infoWindow%22%2C%22infoWindowOpenedByDefault%22%3Afalse%2C%22linkUrl%22%3A%22%22%2C%22animation%22%3A%22drop%22%7D%2C%7B%22position%22%3A%22Calle%20Balmes%2051%2C%20Barcelona%22%2C%22coordinates%22%3A%2241.3892563%2C%202.1623505%22%2C%22infoTitle%22%3A%22Hotel%20Praktik%20Vinoteca%22%2C%22category%22%3A%229b85f074-4b7c-4c37-a7b1-aaeabfc7779f%22%2C%22icon%22%3A%2268ce0f1e-891f-40a6-8b21-35bc58454e0f%22%2C%22infoDescription%22%3A%22%22%2C%22infoImage%22%3A%22https%3A%5C%2F%5C%2Fwww.hotelpraktikessens.com%5C%2Fwp-content%5C%2Fuploads%5C%2Fsites%5C%2F22%5C%2F2022%5C%2F11%5C%2FVINOTECA.jpg%22%2C%22infoAddress%22%3A%22Calle%20Balmes%2051%2C%20Barcelona%22%2C%22infoSite%22%3A%22https%3A%5C%2F%5C%2Fhotelpraktikvinoteca.com%22%2C%22infoPhone%22%3A%22%2B34%2093%20454%2050%2028%22%2C%22infoEmail%22%3A%22reservas%40hotelpraktikvinoteca.com%22%2C%22infoWorkingHours%22%3A%22%22%2C%22markerClickAction%22%3A%22infoWindow%22%2C%22infoWindowOpenedByDefault%22%3Afalse%2C%22linkUrl%22%3A%22%22%2C%22animation%22%3A%22drop%22%7D%2C%7B%22position%22%3A%22C.%20d%27Ar%5Cu00edstides%20Maillol%2C%2012%2C%2008028%20Barcelona%22%2C%22coordinates%22%3A%2241.3800475%2C%202.1200696%22%2C%22infoTitle%22%3A%22Camp%20Nou%22%2C%22category%22%3A%22%22%2C%22icon%22%3A%2242a63f8b-df91-472d-94ba-ad7a3bde8537%22%2C%22infoDescription%22%3A%22%22%2C%22infoImage%22%3Anull%2C%22infoAddress%22%3A%22%22%2C%22infoSite%22%3A%22%22%2C%22infoPhone%22%3A%22%22%2C%22infoEmail%22%3A%22%22%2C%22infoWorkingHours%22%3A%22%22%2C%22markerClickAction%22%3A%22infoWindow%22%2C%22infoWindowOpenedByDefault%22%3Afalse%2C%22linkUrl%22%3A%22%22%2C%22animation%22%3A%22none%22%7D%2C%7B%22position%22%3A%22Pla%5Cu00e7a%20dels%20%5Cu00c0ngels%2C%201%2C%2008001%20Barcelona%22%2C%22coordinates%22%3A%2241.3832964%2C%202.1676853%22%2C%22infoTitle%22%3A%22Macba%2C%20Museu%20d%27Art%20Contemporani%20de%20Barcelona%22%2C%22category%22%3A%22%22%2C%22icon%22%3A%226710f89e-b5d3-4713-a206-87b92567bea7%22%2C%22infoDescription%22%3A%22%22%2C%22infoImage%22%3A%7B%22name%22%3A%22%22%2C%22url%22%3A%22%22%7D%2C%22infoAddress%22%3A%22%22%2C%22infoSite%22%3A%22%22%2C%22infoPhone%22%3A%22%22%2C%22infoEmail%22%3A%22%22%2C%22infoWorkingHours%22%3A%22%22%2C%22markerClickAction%22%3A%22infoWindow%22%2C%22infoWindowOpenedByDefault%22%3Afalse%2C%22linkUrl%22%3A%22%22%2C%22animation%22%3A%22none%22%7D%2C%7B%22position%22%3A%22Passeig%20de%20Gr%5Cu00e0cia%2C%2043%2C%2008007%20Barcelona%22%2C%22coordinates%22%3A%2241.3915843%2C%202.1648553%22%2C%22infoTitle%22%3A%22Casa%20Battl%5Cu00f3%22%2C%22category%22%3A%22%22%2C%22icon%22%3A%22385e89c5-cfc3-4a0a-a89e-b7849cc30aa8%22%2C%22infoDescription%22%3A%22%22%2C%22infoImage%22%3A%7B%22name%22%3A%22%22%2C%22url%22%3A%22%22%7D%2C%22infoAddress%22%3A%22%22%2C%22infoSite%22%3A%22%22%2C%22infoPhone%22%3A%22%22%2C%22infoEmail%22%3A%22%22%2C%22infoWorkingHours%22%3A%22%22%2C%22markerClickAction%22%3A%22infoWindow%22%2C%22infoWindowOpenedByDefault%22%3Afalse%2C%22linkUrl%22%3A%22%22%2C%22animation%22%3A%22none%22%7D%2C%7B%22position%22%3A%22Pla%5Cu00e7a%20Portal%20de%20la%20Pau%2C%20s%5C%2Fn%2C%2008001%20Barcelona%22%2C%22coordinates%22%3A%2241.3760039%2C%202.1771885%22%2C%22infoTitle%22%3A%22Estatua%20de%20Col%5Cu00f3n%22%2C%22category%22%3A%22%22%2C%22icon%22%3A%226e96838d-6132-4d0d-acf0-6c44ff8f3442%22%2C%22infoDescription%22%3A%22%22%2C%22infoImage%22%3A%7B%22name%22%3A%22%22%2C%22url%22%3A%22%22%7D%2C%22infoAddress%22%3A%22%22%2C%22infoSite%22%3A%22%22%2C%22infoPhone%22%3A%22%22%2C%22infoEmail%22%3A%22%22%2C%22infoWorkingHours%22%3A%22%22%2C%22markerClickAction%22%3A%22infoWindow%22%2C%22infoWindowOpenedByDefault%22%3Afalse%2C%22linkUrl%22%3A%22%22%2C%22animation%22%3A%22none%22%7D%2C%7B%22position%22%3A%22La%20Rambla%2C%2051-59%2C%2008002%20Barcelona%22%2C%22coordinates%22%3A%2241.3802333%2C%202.1736993%22%2C%22infoTitle%22%3A%22Teatre%20del%20Liceu%22%2C%22category%22%3A%22%22%2C%22icon%22%3A%222cd02f48-7827-4822-8b1e-0d78e55b2dc8%22%2C%22infoDescription%22%3A%22%22%2C%22infoImage%22%3A%7B%22name%22%3A%22%22%2C%22url%22%3A%22%22%7D%2C%22infoAddress%22%3A%22%22%2C%22infoSite%22%3A%22%22%2C%22infoPhone%22%3A%22%22%2C%22infoEmail%22%3A%22%22%2C%22infoWorkingHours%22%3A%22%22%2C%22markerClickAction%22%3A%22infoWindow%22%2C%22infoWindowOpenedByDefault%22%3Afalse%2C%22linkUrl%22%3A%22%22%2C%22animation%22%3A%22none%22%7D%2C%7B%22position%22%3A%22%20Passeig%20de%20Llu%5Cu00eds%20Companys%2C%2008003%20Barcelona%22%2C%22coordinates%22%3A%2241.3904419%2C%202.1821992%22%2C%22infoTitle%22%3A%22Arc%20de%20Triomf%22%2C%22category%22%3A%22%22%2C%22icon%22%3A%2204b9e5b3-7a0f-47c4-a6cf-d74122d285cc%22%2C%22infoDescription%22%3A%22%22%2C%22infoImage%22%3A%7B%22name%22%3A%22%22%2C%22url%22%3A%22%22%7D%2C%22infoAddress%22%3A%22%22%2C%22infoSite%22%3A%22%22%2C%22infoPhone%22%3A%22%22%2C%22infoEmail%22%3A%22%22%2C%22infoWorkingHours%22%3A%22%22%2C%22markerClickAction%22%3A%22infoWindow%22%2C%22infoWindowOpenedByDefault%22%3Afalse%2C%22linkUrl%22%3A%22%22%2C%22animation%22%3A%22none%22%7D%2C%7B%22position%22%3A%22Avinguda%20Diagonal%2C%20211%2C%2008018%20Barcelona%22%2C%22coordinates%22%3A%2241.4034045%2C%202.1895934%22%2C%22infoTitle%22%3A%22Torre%20Agbar%22%2C%22category%22%3A%22%22%2C%22icon%22%3A%2202a7b46d-c264-45a9-8842-0ceb8a78aceb%22%2C%22infoDescription%22%3A%22%22%2C%22infoImage%22%3A%7B%22name%22%3A%22%22%2C%22url%22%3A%22%22%7D%2C%22infoAddress%22%3A%22%22%2C%22infoSite%22%3A%22%22%2C%22infoPhone%22%3A%22%22%2C%22infoEmail%22%3A%22%22%2C%22infoWorkingHours%22%3A%22%22%2C%22markerClickAction%22%3A%22infoWindow%22%2C%22infoWindowOpenedByDefault%22%3Afalse%2C%22linkUrl%22%3A%22%22%2C%22animation%22%3A%22none%22%7D%2C%7B%22position%22%3A%2208005%20Barcelona%22%2C%22coordinates%22%3A%2241.3977365%2C%202.2015347%22%2C%22infoTitle%22%3A%22Torre%20Mapfre%22%2C%22category%22%3A%22%22%2C%22icon%22%3A%221ba6b512-3084-4fd1-8ced-b8f9c97c0b80%22%2C%22infoDescription%22%3A%22%22%2C%22infoImage%22%3A%7B%22name%22%3A%22%22%2C%22url%22%3A%22%22%7D%2C%22infoAddress%22%3A%22%22%2C%22infoSite%22%3A%22%22%2C%22infoPhone%22%3A%22%22%2C%22infoEmail%22%3A%22%22%2C%22infoWorkingHours%22%3A%22%22%2C%22markerClickAction%22%3A%22infoWindow%22%2C%22infoWindowOpenedByDefault%22%3Afalse%2C%22linkUrl%22%3A%22%22%2C%22animation%22%3A%22none%22%7D%2C%7B%22position%22%3A%22C%5C%2F%20Palau%20de%20la%20M%5Cu00fasica%2C%204-6%2C%2008003%20Barcelona%22%2C%22coordinates%22%3A%2241.3875475%2C%202.1753859%22%2C%22infoTitle%22%3A%22Palau%20de%20la%20M%5Cu00fasica%20Catalana%22%2C%22category%22%3A%22%22%2C%22icon%22%3A%22e3639dd3-1b6d-4c10-8c14-1b43ae4ff206%22%2C%22infoDescription%22%3A%22%22%2C%22infoImage%22%3A%7B%22name%22%3A%22%22%2C%22url%22%3A%22%22%7D%2C%22infoAddress%22%3A%22%22%2C%22infoSite%22%3A%22%22%2C%22infoPhone%22%3A%22%22%2C%22infoEmail%22%3A%22%22%2C%22infoWorkingHours%22%3A%22%22%2C%22markerClickAction%22%3A%22infoWindow%22%2C%22infoWindowOpenedByDefault%22%3Afalse%2C%22linkUrl%22%3A%22%22%2C%22animation%22%3A%22none%22%7D%2C%7B%22position%22%3A%22Parc%20G%5Cu00fcell%2C%2008024%20Barcelona%22%2C%22coordinates%22%3A%2241.4144948%2C%202.1526945%22%2C%22infoTitle%22%3A%22Parc%20G%5Cu00fcell%22%2C%22category%22%3A%22%22%2C%22icon%22%3A%225dfde4fc-9f95-4507-aac4-f1c2221c6d70%22%2C%22infoDescription%22%3A%22%22%2C%22infoImage%22%3A%7B%22name%22%3A%22%22%2C%22url%22%3A%22%22%7D%2C%22infoAddress%22%3A%22%22%2C%22infoSite%22%3A%22%22%2C%22infoPhone%22%3A%22%22%2C%22infoEmail%22%3A%22%22%2C%22infoWorkingHours%22%3A%22%22%2C%22markerClickAction%22%3A%22infoWindow%22%2C%22infoWindowOpenedByDefault%22%3Afalse%2C%22linkUrl%22%3A%22%22%2C%22animation%22%3A%22none%22%7D%2C%7B%22position%22%3A%22C%5C%2F%20de%20Mallorca%2C%20401%2C%2008013%20Barcelona%22%2C%22coordinates%22%3A%2241.40316079999999%2C%202.1743265%22%2C%22infoTitle%22%3A%22Sagrada%20Familia%22%2C%22category%22%3A%22%22%2C%22icon%22%3A%2221e493aa-5f2f-45e7-b6cc-a19379b51124%22%2C%22infoDescription%22%3A%22%22%2C%22infoImage%22%3A%7B%22name%22%3A%22%22%2C%22url%22%3A%22%22%7D%2C%22infoAddress%22%3A%22%22%2C%22infoSite%22%3A%22%22%2C%22infoPhone%22%3A%22%22%2C%22infoEmail%22%3A%22%22%2C%22infoWorkingHours%22%3A%22%22%2C%22markerClickAction%22%3A%22infoWindow%22%2C%22infoWindowOpenedByDefault%22%3Afalse%2C%22linkUrl%22%3A%22%22%2C%22animation%22%3A%22none%22%7D%2C%7B%22position%22%3A%22C.%20del%20Sagrat%20Cor%2C%2025%2C%2008034%20Barcelona%22%2C%22coordinates%22%3A%2241.4007967%2C%202.1184639%22%2C%22infoTitle%22%3A%22Templo%20del%20Sagrado%20Coraz%5Cu00f3n%22%2C%22category%22%3A%22%22%2C%22icon%22%3A%223659f2b3-8929-4426-8337-12764c01b92b%22%2C%22infoDescription%22%3A%22%22%2C%22infoImage%22%3A%7B%22name%22%3A%22%22%2C%22url%22%3A%22%22%7D%2C%22infoAddress%22%3A%22%22%2C%22infoSite%22%3A%22%22%2C%22infoPhone%22%3A%22%22%2C%22infoEmail%22%3A%22%22%2C%22infoWorkingHours%22%3A%22%22%2C%22markerClickAction%22%3A%22infoWindow%22%2C%22infoWindowOpenedByDefault%22%3Afalse%2C%22linkUrl%22%3A%22%22%2C%22animation%22%3A%22none%22%7D%2C%7B%22position%22%3A%22Passeig%20Ol%5Cu00edmpic%2C%205-7%2C%2008038%20Barcelona%22%2C%22coordinates%22%3A%2241.3633607%2C%202.1525695%22%2C%22infoTitle%22%3A%22Palau%20San%20Jordi%22%2C%22category%22%3A%22%22%2C%22icon%22%3A%22fb26acea-6e6a-44a0-9cd6-9c8ebabb44aa%22%2C%22infoDescription%22%3A%22%22%2C%22infoImage%22%3A%7B%22name%22%3A%22%22%2C%22url%22%3A%22%22%7D%2C%22infoAddress%22%3A%22%22%2C%22infoSite%22%3A%22%22%2C%22infoPhone%22%3A%22%22%2C%22infoEmail%22%3A%22%22%2C%22infoWorkingHours%22%3A%22%22%2C%22markerClickAction%22%3A%22infoWindow%22%2C%22infoWindowOpenedByDefault%22%3Afalse%2C%22linkUrl%22%3A%22%22%2C%22animation%22%3A%22none%22%7D%2C%7B%22position%22%3A%22Pla%5Cu00e7a%20dels%20%5Cu00c0ngels%2C%201%2C%2008001%20Barcelona%22%2C%22coordinates%22%3A%2241.3832964%2C%202.1676853%22%2C%22infoTitle%22%3A%22Macba%2C%20Museu%20d%27Art%20Contemporani%20de%20Barcelona%22%2C%22category%22%3A%22%22%2C%22icon%22%3A%226710f89e-b5d3-4713-a206-87b92567bea7%22%2C%22infoDescription%22%3A%22%22%2C%22infoImage%22%3A%7B%22name%22%3A%22%22%2C%22url%22%3A%22%22%7D%2C%22infoAddress%22%3A%22%22%2C%22infoSite%22%3A%22%22%2C%22infoPhone%22%3A%22%22%2C%22infoEmail%22%3A%22%22%2C%22infoWorkingHours%22%3A%22%22%2C%22markerClickAction%22%3A%22infoWindow%22%2C%22infoWindowOpenedByDefault%22%3Afalse%2C%22linkUrl%22%3A%22%22%2C%22animation%22%3A%22none%22%2C%22id%22%3A%2276a4685e-bec0-46b9-8b78-cced7dab62f3%22%7D%5D%2C%22mapType%22%3A%22roadmap%22%2C%22center%22%3A%22Roger%20de%20Ll%5Cu00faria%20Barcelona%22%2C%22zoom%22%3A%2215%22%2C%22controls%22%3A%5B%22zoom%22%2C%22mapType%22%2C%22scale%22%2C%22streetView%22%2C%22rotate%22%2C%22fullScreen%22%5D%2C%22markerClusterEnabled%22%3Afalse%2C%22markerClusterZoom%22%3Atrue%2C%22markerClusterMin%22%3A3%2C%22markerClusterIcon%22%3A%22custom%22%2C%22markerClusterIconColor%22%3A%22rgb%280%2C%200%2C%200%29%22%2C%22markerClusterIconUrl%22%3A%22https%3A%5C%2F%5C%2Fwww.hotelpraktikessens.com%5C%2Fwp-content%5C%2Fuploads%5C%2Fsites%5C%2F22%5C%2F2022%5C%2F11%5C%2Fpoi-icon.png%22%2C%22markerClusterSize%22%3A30%2C%22infoDirections%22%3Atrue%2C%22directionsTarget%22%3A%22inline%22%2C%22scrollwheel%22%3Afalse%2C%22draggable%22%3Atrue%2C%22layers%22%3A%5B%5D%2C%22width%22%3A%22100%25%22%2C%22height%22%3A%22760%22%2C%22panelEnabled%22%3Afalse%2C%22panelOpenByDefault%22%3Atrue%2C%22panelSearchVisible%22%3Atrue%2C%22panelSearchBy%22%3A%22markers%22%2C%22panelSearchPlaceholder%22%3A%22%22%2C%22panelListItemElements%22%3A%5B%22title%22%2C%22category%22%2C%22image%22%2C%22address%22%2C%22phone%22%2C%22workingHours%22%5D%2C%22mainColor%22%3A%22rgb%280%2C%20138%2C%2098%29%22%2C%22style%22%3A%22default%22%2C%22colorGeometry%22%3A%22%22%2C%22colorLabelsTextFill%22%3A%22%22%2C%22colorLabelsTextStroke%22%3A%22%22%2C%22colorAdministrativeGeometryStroke%22%3A%22%22%2C%22colorAdministrativeLandParcel%22%3A%22%22%2C%22colorLandscapeNaturalGeometry%22%3A%22%22%2C%22colorPoiGeometry%22%3A%22%22%2C%22colorPoiLabelsTextFill%22%3A%22%22%2C%22colorPoiParkGeometryFill%22%3A%22%22%2C%22colorPoiParkLabelsTextFill%22%3A%22%22%2C%22colorRoadGeometry%22%3A%22%22%2C%22colorRoadArterial%22%3A%22%22%2C%22colorRoadHighway%22%3A%22%22%2C%22colorRoadHighwayGeometryStroke%22%3A%22%22%2C%22colorRoadHighwayControlledAccessGeometry%22%3A%22%22%2C%22colorRoadHighwayControlledAccessGeometryStroke%22%3A%22%22%2C%22colorRoadLocalLabelsTextFill%22%3A%22%22%2C%22colorTransitLineGeometry%22%3A%22%22%2C%22colorTransitLineLabelsTextFill%22%3A%22%22%2C%22colorTransitLineLabelsTextStroke%22%3A%22%22%2C%22colorTransitStationGeometry%22%3A%22%22%2C%22colorWaterGeometryFill%22%3A%22%22%2C%22colorWaterLabelTextFill%22%3A%22%22%2C%22customGoogleMapsStyles%22%3A%22%22%2C%22apiKey%22%3A%22AIzaSyA9uUStL5uUs3AyGlpCMMcdYKYUJa1oM_s%22%2C%22widgetId%22%3A%221%22%7D\" \n                data-elfsight-google-maps-version=\"2.4.2\"\n                data-elfsight-widget-id=\"elfsight-google-maps-1\">\n            <\/div>\n            \n","protected":false},"excerpt":{"rendered":"<p>Nos chambres Les chambres du Praktik \u00c8ssens sont enti\u00e8rement neuves et ext\u00e9rieures. Chambre Standard Chambres ext\u00e9rieures avec vue sur rue pi\u00e9tonne. Chambre Sup\u00e9rieure Chambres ext\u00e9rieures avec de grandes baies vitr\u00e9es. Chambre Sup\u00e9rieure Paseo de Gracia Chambres ext\u00e9rieures avec vue sur le Paseo de Gracia. Chambre Premium avec Terrasse Un h\u00e9bergement chic au c\u0153ur de Barcelone. [&hellip;]<\/p>\n","protected":false},"author":1,"featured_media":0,"parent":7574,"menu_order":0,"comment_status":"closed","ping_status":"closed","template":"","meta":{"inline_featured_image":false,"footnotes":""},"class_list":["post-7634","page","type-page","status-publish","hentry","post-wrapper","thrv_wrapper"],"yoast_head":"<!-- This site is optimized with the Yoast SEO plugin v23.2 - https:\/\/yoast.com\/wordpress\/plugins\/seo\/ -->\n<title>Nos chambres - Hotel Praktik \u00c8ssens<\/title>\n<meta name=\"description\" content=\"Nous mettons \u00e0 votre disposition les chambres les plus confortables. Sentez-vous comme chez vous dans notre h\u00f4tel d\u00e9di\u00e9 au monde du parfum.\" \/>\n<meta name=\"robots\" content=\"index, follow, max-snippet:-1, max-image-preview:large, max-video-preview:-1\" \/>\n<link rel=\"canonical\" href=\"https:\/\/www.hotelpraktikessens.com\/fr\/hotel-a-barcelone\/chambres-hotel-barcelone\/\" \/>\n<meta property=\"og:locale\" content=\"fr_FR\" \/>\n<meta property=\"og:type\" content=\"article\" \/>\n<meta property=\"og:title\" content=\"Nos chambres - Hotel Praktik \u00c8ssens\" \/>\n<meta property=\"og:description\" content=\"Nous mettons \u00e0 votre disposition les chambres les plus confortables. Sentez-vous comme chez vous dans notre h\u00f4tel d\u00e9di\u00e9 au monde du parfum.\" \/>\n<meta property=\"og:url\" content=\"https:\/\/www.hotelpraktikessens.com\/fr\/hotel-a-barcelone\/chambres-hotel-barcelone\/\" \/>\n<meta property=\"og:site_name\" content=\"Hotel Praktik \u00c8ssens\" \/>\n<meta property=\"article:publisher\" content=\"https:\/\/www.facebook.com\/praktikhotels\/\" \/>\n<meta property=\"article:modified_time\" content=\"2024-01-31T08:45:28+00:00\" \/>\n<meta property=\"og:image\" content=\"https:\/\/www.hotelpraktikessens.com\/wp-content\/uploads\/sites\/22\/HOTEL-PRAKTIK-ESSENS-BARCELONA-HABITACION-DOBLE.jpg\" \/>\n<meta name=\"twitter:card\" content=\"summary_large_image\" \/>\n<meta name=\"twitter:title\" content=\"Nos chambres - Hotel Praktik \u00c8ssens\" \/>\n<meta name=\"twitter:description\" content=\"Nous mettons \u00e0 votre disposition les chambres les plus confortables. Sentez-vous comme chez vous dans notre h\u00f4tel d\u00e9di\u00e9 au monde du parfum.\" \/>\n<meta name=\"twitter:site\" content=\"@praktikhotels\" \/>\n<meta name=\"twitter:label1\" content=\"Dur\u00e9e de lecture estim\u00e9e\" \/>\n\t<meta name=\"twitter:data1\" content=\"4 minutes\" \/>\n<script type=\"application\/ld+json\" class=\"yoast-schema-graph\">{\"@context\":\"https:\/\/schema.org\",\"@graph\":[{\"@type\":\"Article\",\"@id\":\"https:\/\/www.hotelpraktikessens.com\/fr\/hotel-a-barcelone\/chambres-hotel-barcelone\/#article\",\"isPartOf\":{\"@id\":\"https:\/\/www.hotelpraktikessens.com\/fr\/hotel-a-barcelone\/chambres-hotel-barcelone\/\"},\"author\":{\"name\":\"praktkmaster\",\"@id\":\"\/#\/schema\/person\/4015c3b656759440a8291536b481326d\"},\"headline\":\"Nos chambres\",\"datePublished\":\"2022-11-04T13:47:05+00:00\",\"dateModified\":\"2024-01-31T08:45:28+00:00\",\"mainEntityOfPage\":{\"@id\":\"https:\/\/www.hotelpraktikessens.com\/fr\/hotel-a-barcelone\/chambres-hotel-barcelone\/\"},\"wordCount\":370,\"publisher\":{\"@id\":\"\/#organization\"},\"image\":{\"@id\":\"https:\/\/www.hotelpraktikessens.com\/fr\/hotel-a-barcelone\/chambres-hotel-barcelone\/#primaryimage\"},\"thumbnailUrl\":\"https:\/\/www.hotelpraktikessens.com\/wp-content\/uploads\/sites\/22\/HOTEL-PRAKTIK-ESSENS-BARCELONA-HABITACION-DOBLE.jpg\",\"inLanguage\":\"fr-FR\"},{\"@type\":\"WebPage\",\"@id\":\"https:\/\/www.hotelpraktikessens.com\/fr\/hotel-a-barcelone\/chambres-hotel-barcelone\/\",\"url\":\"https:\/\/www.hotelpraktikessens.com\/fr\/hotel-a-barcelone\/chambres-hotel-barcelone\/\",\"name\":\"Nos chambres - Hotel Praktik \u00c8ssens\",\"isPartOf\":{\"@id\":\"\/#website\"},\"primaryImageOfPage\":{\"@id\":\"https:\/\/www.hotelpraktikessens.com\/fr\/hotel-a-barcelone\/chambres-hotel-barcelone\/#primaryimage\"},\"image\":{\"@id\":\"https:\/\/www.hotelpraktikessens.com\/fr\/hotel-a-barcelone\/chambres-hotel-barcelone\/#primaryimage\"},\"thumbnailUrl\":\"https:\/\/www.hotelpraktikessens.com\/wp-content\/uploads\/sites\/22\/HOTEL-PRAKTIK-ESSENS-BARCELONA-HABITACION-DOBLE.jpg\",\"datePublished\":\"2022-11-04T13:47:05+00:00\",\"dateModified\":\"2024-01-31T08:45:28+00:00\",\"description\":\"Nous mettons \u00e0 votre disposition les chambres les plus confortables. Sentez-vous comme chez vous dans notre h\u00f4tel d\u00e9di\u00e9 au monde du parfum.\",\"breadcrumb\":{\"@id\":\"https:\/\/www.hotelpraktikessens.com\/fr\/hotel-a-barcelone\/chambres-hotel-barcelone\/#breadcrumb\"},\"inLanguage\":\"fr-FR\",\"potentialAction\":[{\"@type\":\"ReadAction\",\"target\":[\"https:\/\/www.hotelpraktikessens.com\/fr\/hotel-a-barcelone\/chambres-hotel-barcelone\/\"]}]},{\"@type\":\"ImageObject\",\"inLanguage\":\"fr-FR\",\"@id\":\"https:\/\/www.hotelpraktikessens.com\/fr\/hotel-a-barcelone\/chambres-hotel-barcelone\/#primaryimage\",\"url\":\"https:\/\/www.hotelpraktikessens.com\/wp-content\/uploads\/sites\/22\/HOTEL-PRAKTIK-ESSENS-BARCELONA-HABITACION-DOBLE.jpg\",\"contentUrl\":\"https:\/\/www.hotelpraktikessens.com\/wp-content\/uploads\/sites\/22\/HOTEL-PRAKTIK-ESSENS-BARCELONA-HABITACION-DOBLE.jpg\"},{\"@type\":\"BreadcrumbList\",\"@id\":\"https:\/\/www.hotelpraktikessens.com\/fr\/hotel-a-barcelone\/chambres-hotel-barcelone\/#breadcrumb\",\"itemListElement\":[{\"@type\":\"ListItem\",\"position\":1,\"name\":\"Portada\",\"item\":\"https:\/\/www.hotelpraktikessens.com\/fr\/\"},{\"@type\":\"ListItem\",\"position\":2,\"name\":\"Hotel a Barcelone\",\"item\":\"https:\/\/www.hotelpraktikessens.com\/fr\/\"},{\"@type\":\"ListItem\",\"position\":3,\"name\":\"Nos chambres\"}]},{\"@type\":\"WebSite\",\"@id\":\"\/#website\",\"url\":\"\/\",\"name\":\"Hotel Praktik \u00c8ssens\",\"description\":\"Hotel dedicado al mundo del perfume\",\"publisher\":{\"@id\":\"\/#organization\"},\"potentialAction\":[{\"@type\":\"SearchAction\",\"target\":{\"@type\":\"EntryPoint\",\"urlTemplate\":\"\/?s={search_term_string}\"},\"query-input\":\"required name=search_term_string\"}],\"inLanguage\":\"fr-FR\"},{\"@type\":\"Organization\",\"@id\":\"\/#organization\",\"name\":\"Hotel Praktik \u00c8ssens\",\"url\":\"\/\",\"logo\":{\"@type\":\"ImageObject\",\"inLanguage\":\"fr-FR\",\"@id\":\"\/#\/schema\/logo\/image\/\",\"url\":\"https:\/\/www.hotelpraktikessens.com\/wp-content\/uploads\/sites\/22\/2022\/11\/praktik-vinoteca-habitacion01.jpg\",\"contentUrl\":\"https:\/\/www.hotelpraktikessens.com\/wp-content\/uploads\/sites\/22\/2022\/11\/praktik-vinoteca-habitacion01.jpg\",\"width\":960,\"height\":635,\"caption\":\"Hotel Praktik \u00c8ssens\"},\"image\":{\"@id\":\"\/#\/schema\/logo\/image\/\"},\"sameAs\":[\"https:\/\/www.facebook.com\/praktikhotels\/\",\"https:\/\/x.com\/praktikhotels\",\"https:\/\/www.instagram.com\/praktikhotels\/\"]},{\"@type\":\"Person\",\"@id\":\"\/#\/schema\/person\/4015c3b656759440a8291536b481326d\",\"name\":\"praktkmaster\",\"image\":{\"@type\":\"ImageObject\",\"inLanguage\":\"fr-FR\",\"@id\":\"\/#\/schema\/person\/image\/\",\"url\":\"https:\/\/secure.gravatar.com\/avatar\/29d735a18eaffe4d58415575700d4e8f?s=96&d=mm&r=g\",\"contentUrl\":\"https:\/\/secure.gravatar.com\/avatar\/29d735a18eaffe4d58415575700d4e8f?s=96&d=mm&r=g\",\"caption\":\"praktkmaster\"},\"sameAs\":[\"http:\/\/praktikdev.rkinnova.com\"]}]}<\/script>\n<!-- \/ Yoast SEO plugin. -->","yoast_head_json":{"title":"Nos chambres - Hotel Praktik \u00c8ssens","description":"Nous mettons \u00e0 votre disposition les chambres les plus confortables. Sentez-vous comme chez vous dans notre h\u00f4tel d\u00e9di\u00e9 au monde du parfum.","robots":{"index":"index","follow":"follow","max-snippet":"max-snippet:-1","max-image-preview":"max-image-preview:large","max-video-preview":"max-video-preview:-1"},"canonical":"https:\/\/www.hotelpraktikessens.com\/fr\/hotel-a-barcelone\/chambres-hotel-barcelone\/","og_locale":"fr_FR","og_type":"article","og_title":"Nos chambres - Hotel Praktik \u00c8ssens","og_description":"Nous mettons \u00e0 votre disposition les chambres les plus confortables. Sentez-vous comme chez vous dans notre h\u00f4tel d\u00e9di\u00e9 au monde du parfum.","og_url":"https:\/\/www.hotelpraktikessens.com\/fr\/hotel-a-barcelone\/chambres-hotel-barcelone\/","og_site_name":"Hotel Praktik \u00c8ssens","article_publisher":"https:\/\/www.facebook.com\/praktikhotels\/","article_modified_time":"2024-01-31T08:45:28+00:00","og_image":[{"url":"https:\/\/www.hotelpraktikessens.com\/wp-content\/uploads\/sites\/22\/HOTEL-PRAKTIK-ESSENS-BARCELONA-HABITACION-DOBLE.jpg"}],"twitter_card":"summary_large_image","twitter_title":"Nos chambres - Hotel Praktik \u00c8ssens","twitter_description":"Nous mettons \u00e0 votre disposition les chambres les plus confortables. Sentez-vous comme chez vous dans notre h\u00f4tel d\u00e9di\u00e9 au monde du parfum.","twitter_site":"@praktikhotels","twitter_misc":{"Dur\u00e9e de lecture estim\u00e9e":"4 minutes"},"schema":{"@context":"https:\/\/schema.org","@graph":[{"@type":"Article","@id":"https:\/\/www.hotelpraktikessens.com\/fr\/hotel-a-barcelone\/chambres-hotel-barcelone\/#article","isPartOf":{"@id":"https:\/\/www.hotelpraktikessens.com\/fr\/hotel-a-barcelone\/chambres-hotel-barcelone\/"},"author":{"name":"praktkmaster","@id":"\/#\/schema\/person\/4015c3b656759440a8291536b481326d"},"headline":"Nos chambres","datePublished":"2022-11-04T13:47:05+00:00","dateModified":"2024-01-31T08:45:28+00:00","mainEntityOfPage":{"@id":"https:\/\/www.hotelpraktikessens.com\/fr\/hotel-a-barcelone\/chambres-hotel-barcelone\/"},"wordCount":370,"publisher":{"@id":"\/#organization"},"image":{"@id":"https:\/\/www.hotelpraktikessens.com\/fr\/hotel-a-barcelone\/chambres-hotel-barcelone\/#primaryimage"},"thumbnailUrl":"https:\/\/www.hotelpraktikessens.com\/wp-content\/uploads\/sites\/22\/HOTEL-PRAKTIK-ESSENS-BARCELONA-HABITACION-DOBLE.jpg","inLanguage":"fr-FR"},{"@type":"WebPage","@id":"https:\/\/www.hotelpraktikessens.com\/fr\/hotel-a-barcelone\/chambres-hotel-barcelone\/","url":"https:\/\/www.hotelpraktikessens.com\/fr\/hotel-a-barcelone\/chambres-hotel-barcelone\/","name":"Nos chambres - Hotel Praktik \u00c8ssens","isPartOf":{"@id":"\/#website"},"primaryImageOfPage":{"@id":"https:\/\/www.hotelpraktikessens.com\/fr\/hotel-a-barcelone\/chambres-hotel-barcelone\/#primaryimage"},"image":{"@id":"https:\/\/www.hotelpraktikessens.com\/fr\/hotel-a-barcelone\/chambres-hotel-barcelone\/#primaryimage"},"thumbnailUrl":"https:\/\/www.hotelpraktikessens.com\/wp-content\/uploads\/sites\/22\/HOTEL-PRAKTIK-ESSENS-BARCELONA-HABITACION-DOBLE.jpg","datePublished":"2022-11-04T13:47:05+00:00","dateModified":"2024-01-31T08:45:28+00:00","description":"Nous mettons \u00e0 votre disposition les chambres les plus confortables. Sentez-vous comme chez vous dans notre h\u00f4tel d\u00e9di\u00e9 au monde du parfum.","breadcrumb":{"@id":"https:\/\/www.hotelpraktikessens.com\/fr\/hotel-a-barcelone\/chambres-hotel-barcelone\/#breadcrumb"},"inLanguage":"fr-FR","potentialAction":[{"@type":"ReadAction","target":["https:\/\/www.hotelpraktikessens.com\/fr\/hotel-a-barcelone\/chambres-hotel-barcelone\/"]}]},{"@type":"ImageObject","inLanguage":"fr-FR","@id":"https:\/\/www.hotelpraktikessens.com\/fr\/hotel-a-barcelone\/chambres-hotel-barcelone\/#primaryimage","url":"https:\/\/www.hotelpraktikessens.com\/wp-content\/uploads\/sites\/22\/HOTEL-PRAKTIK-ESSENS-BARCELONA-HABITACION-DOBLE.jpg","contentUrl":"https:\/\/www.hotelpraktikessens.com\/wp-content\/uploads\/sites\/22\/HOTEL-PRAKTIK-ESSENS-BARCELONA-HABITACION-DOBLE.jpg"},{"@type":"BreadcrumbList","@id":"https:\/\/www.hotelpraktikessens.com\/fr\/hotel-a-barcelone\/chambres-hotel-barcelone\/#breadcrumb","itemListElement":[{"@type":"ListItem","position":1,"name":"Portada","item":"https:\/\/www.hotelpraktikessens.com\/fr\/"},{"@type":"ListItem","position":2,"name":"Hotel a Barcelone","item":"https:\/\/www.hotelpraktikessens.com\/fr\/"},{"@type":"ListItem","position":3,"name":"Nos chambres"}]},{"@type":"WebSite","@id":"\/#website","url":"\/","name":"Hotel Praktik \u00c8ssens","description":"Hotel dedicado al mundo del perfume","publisher":{"@id":"\/#organization"},"potentialAction":[{"@type":"SearchAction","target":{"@type":"EntryPoint","urlTemplate":"\/?s={search_term_string}"},"query-input":"required name=search_term_string"}],"inLanguage":"fr-FR"},{"@type":"Organization","@id":"\/#organization","name":"Hotel Praktik \u00c8ssens","url":"\/","logo":{"@type":"ImageObject","inLanguage":"fr-FR","@id":"\/#\/schema\/logo\/image\/","url":"https:\/\/www.hotelpraktikessens.com\/wp-content\/uploads\/sites\/22\/2022\/11\/praktik-vinoteca-habitacion01.jpg","contentUrl":"https:\/\/www.hotelpraktikessens.com\/wp-content\/uploads\/sites\/22\/2022\/11\/praktik-vinoteca-habitacion01.jpg","width":960,"height":635,"caption":"Hotel Praktik \u00c8ssens"},"image":{"@id":"\/#\/schema\/logo\/image\/"},"sameAs":["https:\/\/www.facebook.com\/praktikhotels\/","https:\/\/x.com\/praktikhotels","https:\/\/www.instagram.com\/praktikhotels\/"]},{"@type":"Person","@id":"\/#\/schema\/person\/4015c3b656759440a8291536b481326d","name":"praktkmaster","image":{"@type":"ImageObject","inLanguage":"fr-FR","@id":"\/#\/schema\/person\/image\/","url":"https:\/\/secure.gravatar.com\/avatar\/29d735a18eaffe4d58415575700d4e8f?s=96&d=mm&r=g","contentUrl":"https:\/\/secure.gravatar.com\/avatar\/29d735a18eaffe4d58415575700d4e8f?s=96&d=mm&r=g","caption":"praktkmaster"},"sameAs":["http:\/\/praktikdev.rkinnova.com"]}]}},"_links":{"self":[{"href":"https:\/\/www.hotelpraktikessens.com\/fr\/wp-json\/wp\/v2\/pages\/7634"}],"collection":[{"href":"https:\/\/www.hotelpraktikessens.com\/fr\/wp-json\/wp\/v2\/pages"}],"about":[{"href":"https:\/\/www.hotelpraktikessens.com\/fr\/wp-json\/wp\/v2\/types\/page"}],"author":[{"embeddable":true,"href":"https:\/\/www.hotelpraktikessens.com\/fr\/wp-json\/wp\/v2\/users\/1"}],"replies":[{"embeddable":true,"href":"https:\/\/www.hotelpraktikessens.com\/fr\/wp-json\/wp\/v2\/comments?post=7634"}],"version-history":[{"count":9,"href":"https:\/\/www.hotelpraktikessens.com\/fr\/wp-json\/wp\/v2\/pages\/7634\/revisions"}],"predecessor-version":[{"id":13605,"href":"https:\/\/www.hotelpraktikessens.com\/fr\/wp-json\/wp\/v2\/pages\/7634\/revisions\/13605"}],"up":[{"embeddable":true,"href":"https:\/\/www.hotelpraktikessens.com\/fr\/wp-json\/wp\/v2\/pages\/7574"}],"wp:attachment":[{"href":"https:\/\/www.hotelpraktikessens.com\/fr\/wp-json\/wp\/v2\/media?parent=7634"}],"curies":[{"name":"wp","href":"https:\/\/api.w.org\/{rel}","templated":true}]}}